{"id":1297,"date":"2026-04-13T11:04:35","date_gmt":"2026-04-13T11:04:35","guid":{"rendered":"https:\/\/go-bosnia.com\/?post_type=entitet&#038;p=1297"},"modified":"2026-04-13T11:04:35","modified_gmt":"2026-04-13T11:04:35","slug":"crkva-sv-vida","status":"publish","type":"entitet","link":"https:\/\/go-bosnia.com\/en\/entitet\/crkva-sv-vida\/","title":{"rendered":"Crkva Sv. Vida"},"excerpt":{"rendered":"","protected":false},"featured_media":1302,"parent":0,"template":"","tags":[24],"class_list":["post-1297","entitet","type-entitet","status-publish","has-post-thumbnail","hentry","tag-duhovna-oaza"],"uagb_featured_image_src":{"full":["https:\/\/go-bosnia.com\/wp-content\/uploads\/2026\/04\/GoBosnia-crkva-sv-vida.webp",1920,720,false],"thumbnail":["https:\/\/go-bosnia.com\/wp-content\/uploads\/2026\/04\/GoBosnia-crkva-sv-vida-150x150.webp",150,150,true],"medium":["https:\/\/go-bosnia.com\/wp-content\/uploads\/2026\/04\/GoBosnia-crkva-sv-vida-300x113.webp",300,113,true],"medium_large":["https:\/\/go-bosnia.com\/wp-content\/uploads\/2026\/04\/GoBosnia-crkva-sv-vida-768x288.webp",768,288,true],"large":["https:\/\/go-bosnia.com\/wp-content\/uploads\/2026\/04\/GoBosnia-crkva-sv-vida-1024x384.webp",1024,384,true],"1536x1536":["https:\/\/go-bosnia.com\/wp-content\/uploads\/2026\/04\/GoBosnia-crkva-sv-vida-1536x576.webp",1536,576,true],"2048x2048":["https:\/\/go-bosnia.com\/wp-content\/uploads\/2026\/04\/GoBosnia-crkva-sv-vida.webp",1920,720,false],"trp-custom-language-flag":["https:\/\/go-bosnia.com\/wp-content\/uploads\/2026\/04\/GoBosnia-crkva-sv-vida-18x7.webp",18,7,true],"neve-blog":["https:\/\/go-bosnia.com\/wp-content\/uploads\/2026\/04\/GoBosnia-crkva-sv-vida-930x620.webp",930,620,true]},"uagb_author_info":{"display_name":"Marko Balaban","author_link":"https:\/\/go-bosnia.com\/en\/author\/"},"uagb_comment_info":0,"uagb_excerpt":null,"meta_box":{"podnaslov":"","sira_kategorija":"Kulturno-istorijske i vjerske znamenitosti","uza_kategorija":"Crkva","skriveni_entitet":"0","globalna_atrakcija":"0","lokalna_atrakcija":"0","grad":"178","gradovi_u_blizini":[],"regija":"62","moze_sadrzati_entitete":"0","superentitet":[],"cover_fotografija":{"width":150,"height":150,"file":"2026\/04\/GoBosnia-crkva-sv-vida.webp","filesize":148230,"sizes":{"medium":{"file":"GoBosnia-crkva-sv-vida-300x113.webp","width":300,"height":113,"mime-type":"image\/webp","filesize":7164,"url":"https:\/\/go-bosnia.com\/wp-content\/uploads\/2026\/04\/GoBosnia-crkva-sv-vida-300x113.webp"},"large":{"file":"GoBosnia-crkva-sv-vida-1024x384.webp","width":1024,"height":384,"mime-type":"image\/webp","filesize":69342,"url":"https:\/\/go-bosnia.com\/wp-content\/uploads\/2026\/04\/GoBosnia-crkva-sv-vida-1024x384.webp"},"thumbnail":{"file":"GoBosnia-crkva-sv-vida-150x150.webp","width":150,"height":150,"mime-type":"image\/webp","filesize":5916,"url":"https:\/\/go-bosnia.com\/wp-content\/uploads\/2026\/04\/GoBosnia-crkva-sv-vida-150x150.webp"},"medium_large":{"file":"GoBosnia-crkva-sv-vida-768x288.webp","width":768,"height":288,"mime-type":"image\/webp","filesize":41352,"url":"https:\/\/go-bosnia.com\/wp-content\/uploads\/2026\/04\/GoBosnia-crkva-sv-vida-768x288.webp"},"1536x1536":{"file":"GoBosnia-crkva-sv-vida-1536x576.webp","width":1536,"height":576,"mime-type":"image\/webp","filesize":127888,"url":"https:\/\/go-bosnia.com\/wp-content\/uploads\/2026\/04\/GoBosnia-crkva-sv-vida-1536x576.webp"},"trp-custom-language-flag":{"file":"GoBosnia-crkva-sv-vida-18x7.webp","width":18,"height":7,"mime-type":"image\/webp","filesize":160,"url":"https:\/\/go-bosnia.com\/wp-content\/uploads\/2026\/04\/GoBosnia-crkva-sv-vida-18x7.webp"},"neve-blog":{"file":"GoBosnia-crkva-sv-vida-930x620.webp","width":930,"height":620,"mime-type":"image\/webp","filesize":87384,"url":"https:\/\/go-bosnia.com\/wp-content\/uploads\/2026\/04\/GoBosnia-crkva-sv-vida-930x620.webp"}},"image_meta":{"aperture":"0","credit":"","camera":"","caption":"","created_timestamp":"0","copyright":"","focal_length":"0","iso":"0","shutter_speed":"0","title":"","orientation":"0","keywords":[]},"ID":"1302","name":"GoBosnia-crkva-sv-vida.webp","path":"\/home\/markop5\/go-bosnia.com\/wp-content\/uploads\/2026\/04\/GoBosnia-crkva-sv-vida.webp","url":"https:\/\/go-bosnia.com\/wp-content\/uploads\/2026\/04\/GoBosnia-crkva-sv-vida-150x150.webp","full_url":"https:\/\/go-bosnia.com\/wp-content\/uploads\/2026\/04\/GoBosnia-crkva-sv-vida.webp","title":"GoBosnia-crkva-sv-vida","caption":"","description":"","alt":"","srcset":false},"slika_za_karticu":{"width":150,"height":150,"file":"2026\/04\/Crkva-sv-vida.webp","filesize":14396,"sizes":{"medium":{"file":"Crkva-sv-vida-240x300.webp","width":240,"height":300,"mime-type":"image\/webp","filesize":8686,"url":"https:\/\/go-bosnia.com\/wp-content\/uploads\/2026\/04\/Crkva-sv-vida-240x300.webp"},"thumbnail":{"file":"Crkva-sv-vida-150x150.webp","width":150,"height":150,"mime-type":"image\/webp","filesize":4118,"url":"https:\/\/go-bosnia.com\/wp-content\/uploads\/2026\/04\/Crkva-sv-vida-150x150.webp"},"trp-custom-language-flag":{"file":"Crkva-sv-vida-10x12.webp","width":10,"height":12,"mime-type":"image\/webp","filesize":150,"url":"https:\/\/go-bosnia.com\/wp-content\/uploads\/2026\/04\/Crkva-sv-vida-10x12.webp"}},"image_meta":{"aperture":"0","credit":"","camera":"","caption":"","created_timestamp":"0","copyright":"","focal_length":"0","iso":"0","shutter_speed":"0","title":"","orientation":"0","keywords":[]},"ID":"1298","name":"Crkva-sv-vida.webp","path":"\/home\/markop5\/go-bosnia.com\/wp-content\/uploads\/2026\/04\/Crkva-sv-vida.webp","url":"https:\/\/go-bosnia.com\/wp-content\/uploads\/2026\/04\/Crkva-sv-vida-150x150.webp","full_url":"https:\/\/go-bosnia.com\/wp-content\/uploads\/2026\/04\/Crkva-sv-vida.webp","title":"Crkva-sv-vida","caption":"","description":"","alt":"Crkva-sv-vida","srcset":false},"prioritet":"35","unesco":"0","eko_turizam":"0","entitet_sa_ikonicom":"0","ikonica_entiteta":false,"kratki_opis":"\u017dupa sv. Vida u Vidovice ima duboke korijene koji se\u017eu jo\u0161 u srednji vijek, kada je na ovom prostoru postojala stara \u017eupa sa crkvom posve\u0107enom sv. Vidu. Ta rana \u017eupna zajednica prestaje postojati nakon pada pod osmansku vlast, najkasnije 1536. godine, ali se vjerski i narodni kontinuitet na ovom prostoru nastavlja kroz kasnija stolje\u0107a.\r\n\r\nU 18. i 19. stolje\u0107u Vidovice se ponovo spominju u crkvenim izvje\u0161tajima kao dio ve\u0107ih \u017eupa Bijela i Tolisa, s postepenim rastom broja katoli\u010dkog stanovni\u0161tva. \u017dupa je obnovljena kao samostalna 1853. godine, a ve\u0107 1858. i zvani\u010dno progla\u0161ena \u017eupom, \u010dime po\u010dinje novo poglavlje organiziranog crkvenog \u017eivota u ovom kraju.\r\n\r\nPrve bogomolje bile su skromne gra\u0111evine, gra\u0111ene od dostupnih materijala, ali su imale veliki zna\u010daj za lokalnu zajednicu. Krajem 19. i po\u010detkom 20. stolje\u0107a gradi se nova crkva, koja se vremenom pokazala nedovoljnom za potrebe vjernika, pa se izme\u0111u 1922. i 1928. podi\u017ee ve\u0107a \u017eupna crkva sa zvonikom, koja postaje sredi\u0161te duhovnog \u017eivota.\r\n\r\nU \u017eupi su kroz vrijeme djelovale i razli\u010dite redovni\u010dke zajednice, uklju\u010duju\u0107i Slu\u017eavke Malog Isusa te kasnije Klanjateljice Krvi Kristove, koje i danas imaju va\u017enu ulogu u pastoralnom i dru\u0161tvenom \u017eivotu zajednice.\r\n\r\n\u017dupa Vidovice poznata je i po velikom broju duhovnih zvanja, jer je iz nje potekao zna\u010dajan broj sve\u0107enika i \u010dasnih sestara, \u0161to dodatno svjedo\u010di o njenoj sna\u017enoj vjeri i tradiciji. Danas \u017eupom upravlja dijecezanski sve\u0107enik, a \u017eupi pripadaju naselja Vidovice i Jenji\u0107, sa \u017eivom i aktivnom zajednicom koja \u010duva svoju duhovnu i kulturnu ba\u0161tinu.","geografska_sirina":"44.98470","geografska_duzina":"18.73048","adresa":"XPMJ+V5H, \u041c18, Vidovice","broj_telefona":"","email_adresa":"","instagram":"","facebook":"","tiktok":"","website":"","placeno":"0","nivo":"","tekst_linka":"","eksterni_link":"","booking_link":""},"_links":{"self":[{"href":"https:\/\/go-bosnia.com\/en\/wp-json\/wp\/v2\/entitet\/1297","targetHints":{"allow":["GET"]}}],"collection":[{"href":"https:\/\/go-bosnia.com\/en\/wp-json\/wp\/v2\/entitet"}],"about":[{"href":"https:\/\/go-bosnia.com\/en\/wp-json\/wp\/v2\/types\/entitet"}],"wp:featuredmedia":[{"embeddable":true,"href":"https:\/\/go-bosnia.com\/en\/wp-json\/wp\/v2\/media\/1302"}],"wp:attachment":[{"href":"https:\/\/go-bosnia.com\/en\/wp-json\/wp\/v2\/media?parent=1297"}],"wp:term":[{"taxonomy":"post_tag","embeddable":true,"href":"https:\/\/go-bosnia.com\/en\/wp-json\/wp\/v2\/tags?post=1297"}],"curies":[{"name":"wp","href":"https:\/\/api.w.org\/{rel}","templated":true}]}}