{"id":1331,"date":"2026-04-13T12:43:48","date_gmt":"2026-04-13T12:43:48","guid":{"rendered":"https:\/\/go-bosnia.com\/?post_type=entitet&#038;p=1331"},"modified":"2026-04-13T12:43:56","modified_gmt":"2026-04-13T12:43:56","slug":"vijecnica-beledija","status":"publish","type":"entitet","link":"https:\/\/go-bosnia.com\/en\/entitet\/vijecnica-beledija\/","title":{"rendered":"Vije\u0107nica &#8211; Beledija"},"excerpt":{"rendered":"","protected":false},"featured_media":0,"parent":0,"template":"","tags":[25,12],"class_list":["post-1331","entitet","type-entitet","status-publish","hentry","tag-setnja","tag-tragovima-proslosti"],"uagb_featured_image_src":{"full":false,"thumbnail":false,"medium":false,"medium_large":false,"large":false,"1536x1536":false,"2048x2048":false,"trp-custom-language-flag":false,"neve-blog":false},"uagb_author_info":{"display_name":"Marko Balaban","author_link":"https:\/\/go-bosnia.com\/en\/author\/"},"uagb_comment_info":0,"uagb_excerpt":null,"meta_box":{"podnaslov":"","sira_kategorija":"Kulturno-istorijske i vjerske znamenitosti","uza_kategorija":"Spomenik","skriveni_entitet":"0","globalna_atrakcija":"0","lokalna_atrakcija":"0","grad":"1324","gradovi_u_blizini":[],"regija":"174","moze_sadrzati_entitete":"0","superentitet":[],"cover_fotografija":{"width":150,"height":150,"file":"2026\/04\/GoBosnia-odzak.webp","filesize":143658,"sizes":{"medium":{"file":"GoBosnia-odzak-300x113.webp","width":300,"height":113,"mime-type":"image\/webp","filesize":11110,"url":"https:\/\/go-bosnia.com\/wp-content\/uploads\/2026\/04\/GoBosnia-odzak-300x113.webp"},"large":{"file":"GoBosnia-odzak-1024x384.webp","width":1024,"height":384,"mime-type":"image\/webp","filesize":75164,"url":"https:\/\/go-bosnia.com\/wp-content\/uploads\/2026\/04\/GoBosnia-odzak-1024x384.webp"},"thumbnail":{"file":"GoBosnia-odzak-150x150.webp","width":150,"height":150,"mime-type":"image\/webp","filesize":7442,"url":"https:\/\/go-bosnia.com\/wp-content\/uploads\/2026\/04\/GoBosnia-odzak-150x150.webp"},"medium_large":{"file":"GoBosnia-odzak-768x288.webp","width":768,"height":288,"mime-type":"image\/webp","filesize":47928,"url":"https:\/\/go-bosnia.com\/wp-content\/uploads\/2026\/04\/GoBosnia-odzak-768x288.webp"},"1536x1536":{"file":"GoBosnia-odzak-1536x576.webp","width":1536,"height":576,"mime-type":"image\/webp","filesize":131426,"url":"https:\/\/go-bosnia.com\/wp-content\/uploads\/2026\/04\/GoBosnia-odzak-1536x576.webp"},"trp-custom-language-flag":{"file":"GoBosnia-odzak-18x7.webp","width":18,"height":7,"mime-type":"image\/webp","filesize":194,"url":"https:\/\/go-bosnia.com\/wp-content\/uploads\/2026\/04\/GoBosnia-odzak-18x7.webp"},"neve-blog":{"file":"GoBosnia-odzak-930x620.webp","width":930,"height":620,"mime-type":"image\/webp","filesize":83616,"url":"https:\/\/go-bosnia.com\/wp-content\/uploads\/2026\/04\/GoBosnia-odzak-930x620.webp"}},"image_meta":{"aperture":"0","credit":"","camera":"","caption":"","created_timestamp":"0","copyright":"","focal_length":"0","iso":"0","shutter_speed":"0","title":"","orientation":"0","keywords":[]},"ID":"1326","name":"GoBosnia-odzak.webp","path":"\/home\/markop5\/go-bosnia.com\/wp-content\/uploads\/2026\/04\/GoBosnia-odzak.webp","url":"https:\/\/go-bosnia.com\/wp-content\/uploads\/2026\/04\/GoBosnia-odzak-150x150.webp","full_url":"https:\/\/go-bosnia.com\/wp-content\/uploads\/2026\/04\/GoBosnia-odzak.webp","title":"GoBosnia-odzak","caption":"","description":"","alt":"GoBosnia-odzak","srcset":false},"slika_za_karticu":{"width":150,"height":150,"file":"2026\/04\/Vijecnica-odzak.webp","filesize":20494,"sizes":{"medium":{"file":"Vijecnica-odzak-240x300.webp","width":240,"height":300,"mime-type":"image\/webp","filesize":11082,"url":"https:\/\/go-bosnia.com\/wp-content\/uploads\/2026\/04\/Vijecnica-odzak-240x300.webp"},"thumbnail":{"file":"Vijecnica-odzak-150x150.webp","width":150,"height":150,"mime-type":"image\/webp","filesize":4784,"url":"https:\/\/go-bosnia.com\/wp-content\/uploads\/2026\/04\/Vijecnica-odzak-150x150.webp"},"trp-custom-language-flag":{"file":"Vijecnica-odzak-10x12.webp","width":10,"height":12,"mime-type":"image\/webp","filesize":130,"url":"https:\/\/go-bosnia.com\/wp-content\/uploads\/2026\/04\/Vijecnica-odzak-10x12.webp"}},"image_meta":{"aperture":"0","credit":"","camera":"","caption":"","created_timestamp":"0","copyright":"","focal_length":"0","iso":"0","shutter_speed":"0","title":"","orientation":"0","keywords":[]},"ID":"1333","name":"Vijecnica-odzak.webp","path":"\/home\/markop5\/go-bosnia.com\/wp-content\/uploads\/2026\/04\/Vijecnica-odzak.webp","url":"https:\/\/go-bosnia.com\/wp-content\/uploads\/2026\/04\/Vijecnica-odzak-150x150.webp","full_url":"https:\/\/go-bosnia.com\/wp-content\/uploads\/2026\/04\/Vijecnica-odzak.webp","title":"Vijecnica-odzak","caption":"","description":"","alt":"","srcset":false},"prioritet":"45","unesco":"0","eko_turizam":"0","entitet_sa_ikonicom":"0","ikonica_entiteta":false,"kratki_opis":"Obnova Male vije\u0107nice \u2013 Beledije u Od\u017eaku predstavlja fascinantan trijumf arhitekture i kolektivnog pam\u0107enja, pretvaraju\u0107i zgradu od zgari\u0161ta u ponosni simbol opstanka. Izgra\u0111ena 1903. godine u rasko\u0161nom pseudomaurskom stilu, ova \"gradska ljepotica\" spaja egzoti\u010dne uticaje \u0161panskog Maurskog doba sa administrativnom precizno\u0161\u0107u austrougarske uprave, \u0161to potvr\u0111uje i njen sam naziv izveden iz arapske rije\u010di za zajednicu.\r\n\r\n\u010cinjenica da su njena vrata ponovo otvorena ta\u010dno tri decenije nakon \u0161to je pretvorena u ru\u0161evinu, u prisustvu onih koji su u njoj radili prije rata i onih koji su godinama bdjeli nad svakim novim kamenom, daje ovoj gra\u0111evini du\u0161u koja nadilazi gole zidove. Danas Beledija nije samo nacionalni spomenik, ve\u0107 \u017eivi podsjetnik da se kulturno naslije\u0111e, ba\u0161 kao i grad, mo\u017ee podi\u0107i iz pepela i ponovo postati srce dru\u0161tvenog \u017eivota.","geografska_sirina":"45.01051","geografska_duzina":"18.32656","adresa":"286G+5JP, Od\u017eak","broj_telefona":"","email_adresa":"","instagram":"","facebook":"","tiktok":"","website":"","placeno":"0","nivo":"","tekst_linka":"","eksterni_link":"","booking_link":""},"_links":{"self":[{"href":"https:\/\/go-bosnia.com\/en\/wp-json\/wp\/v2\/entitet\/1331","targetHints":{"allow":["GET"]}}],"collection":[{"href":"https:\/\/go-bosnia.com\/en\/wp-json\/wp\/v2\/entitet"}],"about":[{"href":"https:\/\/go-bosnia.com\/en\/wp-json\/wp\/v2\/types\/entitet"}],"wp:attachment":[{"href":"https:\/\/go-bosnia.com\/en\/wp-json\/wp\/v2\/media?parent=1331"}],"wp:term":[{"taxonomy":"post_tag","embeddable":true,"href":"https:\/\/go-bosnia.com\/en\/wp-json\/wp\/v2\/tags?post=1331"}],"curies":[{"name":"wp","href":"https:\/\/api.w.org\/{rel}","templated":true}]}}