{"id":1519,"date":"2026-04-15T11:04:25","date_gmt":"2026-04-15T11:04:25","guid":{"rendered":"https:\/\/go-bosnia.com\/?post_type=entitet&#038;p=1519"},"modified":"2026-04-15T11:04:25","modified_gmt":"2026-04-15T11:04:25","slug":"gradski-park","status":"publish","type":"entitet","link":"https:\/\/go-bosnia.com\/en\/entitet\/gradski-park\/","title":{"rendered":"Gradski Park"},"excerpt":{"rendered":"","protected":false},"featured_media":1523,"parent":0,"template":"","tags":[11,25],"class_list":["post-1519","entitet","type-entitet","status-publish","has-post-thumbnail","hentry","tag-idealno-za-fotografije","tag-setnja"],"uagb_featured_image_src":{"full":["https:\/\/go-bosnia.com\/wp-content\/uploads\/2026\/04\/GoBosnia-gradski-park-brcko.webp",1920,720,false],"thumbnail":["https:\/\/go-bosnia.com\/wp-content\/uploads\/2026\/04\/GoBosnia-gradski-park-brcko-150x150.webp",150,150,true],"medium":["https:\/\/go-bosnia.com\/wp-content\/uploads\/2026\/04\/GoBosnia-gradski-park-brcko-300x113.webp",300,113,true],"medium_large":["https:\/\/go-bosnia.com\/wp-content\/uploads\/2026\/04\/GoBosnia-gradski-park-brcko-768x288.webp",768,288,true],"large":["https:\/\/go-bosnia.com\/wp-content\/uploads\/2026\/04\/GoBosnia-gradski-park-brcko-1024x384.webp",1024,384,true],"1536x1536":["https:\/\/go-bosnia.com\/wp-content\/uploads\/2026\/04\/GoBosnia-gradski-park-brcko-1536x576.webp",1536,576,true],"2048x2048":["https:\/\/go-bosnia.com\/wp-content\/uploads\/2026\/04\/GoBosnia-gradski-park-brcko.webp",1920,720,false],"trp-custom-language-flag":["https:\/\/go-bosnia.com\/wp-content\/uploads\/2026\/04\/GoBosnia-gradski-park-brcko-18x7.webp",18,7,true],"neve-blog":["https:\/\/go-bosnia.com\/wp-content\/uploads\/2026\/04\/GoBosnia-gradski-park-brcko-930x620.webp",930,620,true]},"uagb_author_info":{"display_name":"Marko Balaban","author_link":"https:\/\/go-bosnia.com\/en\/author\/"},"uagb_comment_info":0,"uagb_excerpt":null,"meta_box":{"podnaslov":"","sira_kategorija":"Prirodne ljepote","uza_kategorija":"Park","skriveni_entitet":"0","globalna_atrakcija":"0","lokalna_atrakcija":"0","grad":"281","gradovi_u_blizini":[],"regija":"278","moze_sadrzati_entitete":"0","superentitet":[],"cover_fotografija":{"width":150,"height":150,"file":"2026\/04\/GoBosnia-gradski-park-brcko.webp","filesize":339834,"sizes":{"medium":{"file":"GoBosnia-gradski-park-brcko-300x113.webp","width":300,"height":113,"mime-type":"image\/webp","filesize":15226,"url":"https:\/\/go-bosnia.com\/wp-content\/uploads\/2026\/04\/GoBosnia-gradski-park-brcko-300x113.webp"},"large":{"file":"GoBosnia-gradski-park-brcko-1024x384.webp","width":1024,"height":384,"mime-type":"image\/webp","filesize":149830,"url":"https:\/\/go-bosnia.com\/wp-content\/uploads\/2026\/04\/GoBosnia-gradski-park-brcko-1024x384.webp"},"thumbnail":{"file":"GoBosnia-gradski-park-brcko-150x150.webp","width":150,"height":150,"mime-type":"image\/webp","filesize":10976,"url":"https:\/\/go-bosnia.com\/wp-content\/uploads\/2026\/04\/GoBosnia-gradski-park-brcko-150x150.webp"},"medium_large":{"file":"GoBosnia-gradski-park-brcko-768x288.webp","width":768,"height":288,"mime-type":"image\/webp","filesize":89106,"url":"https:\/\/go-bosnia.com\/wp-content\/uploads\/2026\/04\/GoBosnia-gradski-park-brcko-768x288.webp"},"1536x1536":{"file":"GoBosnia-gradski-park-brcko-1536x576.webp","width":1536,"height":576,"mime-type":"image\/webp","filesize":290866,"url":"https:\/\/go-bosnia.com\/wp-content\/uploads\/2026\/04\/GoBosnia-gradski-park-brcko-1536x576.webp"},"trp-custom-language-flag":{"file":"GoBosnia-gradski-park-brcko-18x7.webp","width":18,"height":7,"mime-type":"image\/webp","filesize":196,"url":"https:\/\/go-bosnia.com\/wp-content\/uploads\/2026\/04\/GoBosnia-gradski-park-brcko-18x7.webp"},"neve-blog":{"file":"GoBosnia-gradski-park-brcko-930x620.webp","width":930,"height":620,"mime-type":"image\/webp","filesize":204910,"url":"https:\/\/go-bosnia.com\/wp-content\/uploads\/2026\/04\/GoBosnia-gradski-park-brcko-930x620.webp"}},"image_meta":{"aperture":"0","credit":"","camera":"","caption":"","created_timestamp":"0","copyright":"","focal_length":"0","iso":"0","shutter_speed":"0","title":"","orientation":"0","keywords":[]},"ID":"1523","name":"GoBosnia-gradski-park-brcko.webp","path":"\/home\/markop5\/go-bosnia.com\/wp-content\/uploads\/2026\/04\/GoBosnia-gradski-park-brcko.webp","url":"https:\/\/go-bosnia.com\/wp-content\/uploads\/2026\/04\/GoBosnia-gradski-park-brcko-150x150.webp","full_url":"https:\/\/go-bosnia.com\/wp-content\/uploads\/2026\/04\/GoBosnia-gradski-park-brcko.webp","title":"GoBosnia-gradski-park-brcko","caption":"","description":"","alt":"GoBosnia-gradski-park-brcko","srcset":false},"slika_za_karticu":{"width":150,"height":150,"file":"2026\/04\/Gradski-park-brcko.webp","filesize":34958,"sizes":{"medium":{"file":"Gradski-park-brcko-240x300.webp","width":240,"height":300,"mime-type":"image\/webp","filesize":17278,"url":"https:\/\/go-bosnia.com\/wp-content\/uploads\/2026\/04\/Gradski-park-brcko-240x300.webp"},"thumbnail":{"file":"Gradski-park-brcko-150x150.webp","width":150,"height":150,"mime-type":"image\/webp","filesize":6254,"url":"https:\/\/go-bosnia.com\/wp-content\/uploads\/2026\/04\/Gradski-park-brcko-150x150.webp"},"trp-custom-language-flag":{"file":"Gradski-park-brcko-10x12.webp","width":10,"height":12,"mime-type":"image\/webp","filesize":134,"url":"https:\/\/go-bosnia.com\/wp-content\/uploads\/2026\/04\/Gradski-park-brcko-10x12.webp"}},"image_meta":{"aperture":"0","credit":"","camera":"","caption":"","created_timestamp":"0","copyright":"","focal_length":"0","iso":"0","shutter_speed":"0","title":"","orientation":"0","keywords":[]},"ID":"1524","name":"Gradski-park-brcko.webp","path":"\/home\/markop5\/go-bosnia.com\/wp-content\/uploads\/2026\/04\/Gradski-park-brcko.webp","url":"https:\/\/go-bosnia.com\/wp-content\/uploads\/2026\/04\/Gradski-park-brcko-150x150.webp","full_url":"https:\/\/go-bosnia.com\/wp-content\/uploads\/2026\/04\/Gradski-park-brcko.webp","title":"Gradski-park-brcko","caption":"","description":"","alt":"Gradski-park-brcko","srcset":false},"prioritet":"38","unesco":"0","eko_turizam":"0","entitet_sa_ikonicom":"0","ikonica_entiteta":false,"kratki_opis":"U samom centru Br\u010dkog, tamo gdje gradska vreva polako ustupa mjesto miru, prostire se Gradski park \u2013 istinska botani\u010dka dragocjenost i najljep\u0161a \"dnevna soba\" na otvorenom. Osnovan jo\u0161 po\u010detkom 20. vijeka, ovaj park ve\u0107 du\u017ee od stotinu godina \u010duva duh starog Br\u010dkog, spajaju\u0107i austrougarsku eleganciju sa prirodnim mirom.\r\n\r\nSa svojim pa\u017eljivo ure\u0111enim stazama koje vijugaju ispod kro\u0161nji decenijama starih stabala, park je postao neodvojiv dio identiteta gra\u0111ana. Bilo da tra\u017eite osvje\u017eenje pored umjetni\u010dkih fontana ili tihi kutak na jednoj od klupa, ovdje svaki korak otkriva novi detalj \u2013 od rijetkih biljnih vrsta do cvjetnih aleja koje su bri\u017eljivo odr\u017eavane tokom cijele godine.\r\n\r\nKada park procvjeta u hiljadu boja, postaju\u0107i savr\u0161ena kulisa za jutarnje \u0161etnje i prve kafe na svje\u017eem vazduhu.\r\nKada se \u0161etnice prekriju tepihom od zlatnog li\u0161\u0107a, stvaraju\u0107i nostalgi\u010dnu i toplu atmosferu idealnu za lagane ve\u010dernje obilaske.\r\n\r\nDizajniran tako da zadovolji i one \u017eeljne rekreacije i one koji tragaju za meditativnim mirom, Gradski park ostaje najdra\u017ee odredi\u0161te svih posjetitelja. To je prostor gdje istorija \u0161apu\u0107e kroz li\u0161\u0107e, a savremeni \u017eivot dobija prijeko potrebni predah.\r\n\r\n","geografska_sirina":"44.87136","geografska_duzina":"18.80921","adresa":"VRC5+CG9, Tin Ujevi\u0107a, Br\u010dko 76100","broj_telefona":"","email_adresa":"","instagram":"","facebook":"","tiktok":"","website":"","placeno":"0","nivo":"","tekst_linka":"","eksterni_link":"","booking_link":""},"_links":{"self":[{"href":"https:\/\/go-bosnia.com\/en\/wp-json\/wp\/v2\/entitet\/1519","targetHints":{"allow":["GET"]}}],"collection":[{"href":"https:\/\/go-bosnia.com\/en\/wp-json\/wp\/v2\/entitet"}],"about":[{"href":"https:\/\/go-bosnia.com\/en\/wp-json\/wp\/v2\/types\/entitet"}],"wp:featuredmedia":[{"embeddable":true,"href":"https:\/\/go-bosnia.com\/en\/wp-json\/wp\/v2\/media\/1523"}],"wp:attachment":[{"href":"https:\/\/go-bosnia.com\/en\/wp-json\/wp\/v2\/media?parent=1519"}],"wp:term":[{"taxonomy":"post_tag","embeddable":true,"href":"https:\/\/go-bosnia.com\/en\/wp-json\/wp\/v2\/tags?post=1519"}],"curies":[{"name":"wp","href":"https:\/\/api.w.org\/{rel}","templated":true}]}}