{"id":1529,"date":"2026-04-15T11:23:19","date_gmt":"2026-04-15T11:23:19","guid":{"rendered":"https:\/\/go-bosnia.com\/?post_type=entitet&#038;p=1529"},"modified":"2026-04-15T13:15:59","modified_gmt":"2026-04-15T13:15:59","slug":"saborna-crkva-uspenja-presvete-bogorodice","status":"publish","type":"entitet","link":"https:\/\/go-bosnia.com\/en\/entitet\/saborna-crkva-uspenja-presvete-bogorodice\/","title":{"rendered":"Saborna crkva Uspenja Presvete Bogorodice"},"excerpt":{"rendered":"","protected":false},"featured_media":1531,"parent":0,"template":"","tags":[],"class_list":["post-1529","entitet","type-entitet","status-publish","has-post-thumbnail","hentry"],"uagb_featured_image_src":{"full":["https:\/\/go-bosnia.com\/wp-content\/uploads\/2026\/04\/GoBosnia-crkva-uspenja-brcko.webp",1920,720,false],"thumbnail":["https:\/\/go-bosnia.com\/wp-content\/uploads\/2026\/04\/GoBosnia-crkva-uspenja-brcko-150x150.webp",150,150,true],"medium":["https:\/\/go-bosnia.com\/wp-content\/uploads\/2026\/04\/GoBosnia-crkva-uspenja-brcko-300x113.webp",300,113,true],"medium_large":["https:\/\/go-bosnia.com\/wp-content\/uploads\/2026\/04\/GoBosnia-crkva-uspenja-brcko-768x288.webp",768,288,true],"large":["https:\/\/go-bosnia.com\/wp-content\/uploads\/2026\/04\/GoBosnia-crkva-uspenja-brcko-1024x384.webp",1024,384,true],"1536x1536":["https:\/\/go-bosnia.com\/wp-content\/uploads\/2026\/04\/GoBosnia-crkva-uspenja-brcko-1536x576.webp",1536,576,true],"2048x2048":["https:\/\/go-bosnia.com\/wp-content\/uploads\/2026\/04\/GoBosnia-crkva-uspenja-brcko.webp",1920,720,false],"trp-custom-language-flag":["https:\/\/go-bosnia.com\/wp-content\/uploads\/2026\/04\/GoBosnia-crkva-uspenja-brcko-18x7.webp",18,7,true],"neve-blog":["https:\/\/go-bosnia.com\/wp-content\/uploads\/2026\/04\/GoBosnia-crkva-uspenja-brcko-930x620.webp",930,620,true]},"uagb_author_info":{"display_name":"Marko Balaban","author_link":"https:\/\/go-bosnia.com\/en\/author\/"},"uagb_comment_info":0,"uagb_excerpt":null,"meta_box":{"podnaslov":"","sira_kategorija":"Kulturno-istorijske i vjerske znamenitosti","uza_kategorija":"Crkva","skriveni_entitet":"0","globalna_atrakcija":"0","lokalna_atrakcija":"0","grad":"281","gradovi_u_blizini":[],"regija":"278","moze_sadrzati_entitete":"0","superentitet":[],"cover_fotografija":{"width":150,"height":150,"file":"2026\/04\/GoBosnia-crkva-uspenja-brcko.webp","filesize":190072,"sizes":{"medium":{"file":"GoBosnia-crkva-uspenja-brcko-300x113.webp","width":300,"height":113,"mime-type":"image\/webp","filesize":12828,"url":"https:\/\/go-bosnia.com\/wp-content\/uploads\/2026\/04\/GoBosnia-crkva-uspenja-brcko-300x113.webp"},"large":{"file":"GoBosnia-crkva-uspenja-brcko-1024x384.webp","width":1024,"height":384,"mime-type":"image\/webp","filesize":99594,"url":"https:\/\/go-bosnia.com\/wp-content\/uploads\/2026\/04\/GoBosnia-crkva-uspenja-brcko-1024x384.webp"},"thumbnail":{"file":"GoBosnia-crkva-uspenja-brcko-150x150.webp","width":150,"height":150,"mime-type":"image\/webp","filesize":6940,"url":"https:\/\/go-bosnia.com\/wp-content\/uploads\/2026\/04\/GoBosnia-crkva-uspenja-brcko-150x150.webp"},"medium_large":{"file":"GoBosnia-crkva-uspenja-brcko-768x288.webp","width":768,"height":288,"mime-type":"image\/webp","filesize":64594,"url":"https:\/\/go-bosnia.com\/wp-content\/uploads\/2026\/04\/GoBosnia-crkva-uspenja-brcko-768x288.webp"},"1536x1536":{"file":"GoBosnia-crkva-uspenja-brcko-1536x576.webp","width":1536,"height":576,"mime-type":"image\/webp","filesize":174188,"url":"https:\/\/go-bosnia.com\/wp-content\/uploads\/2026\/04\/GoBosnia-crkva-uspenja-brcko-1536x576.webp"},"trp-custom-language-flag":{"file":"GoBosnia-crkva-uspenja-brcko-18x7.webp","width":18,"height":7,"mime-type":"image\/webp","filesize":198,"url":"https:\/\/go-bosnia.com\/wp-content\/uploads\/2026\/04\/GoBosnia-crkva-uspenja-brcko-18x7.webp"},"neve-blog":{"file":"GoBosnia-crkva-uspenja-brcko-930x620.webp","width":930,"height":620,"mime-type":"image\/webp","filesize":93056,"url":"https:\/\/go-bosnia.com\/wp-content\/uploads\/2026\/04\/GoBosnia-crkva-uspenja-brcko-930x620.webp"}},"image_meta":{"aperture":"0","credit":"","camera":"","caption":"","created_timestamp":"0","copyright":"","focal_length":"0","iso":"0","shutter_speed":"0","title":"","orientation":"0","keywords":[]},"ID":"1531","name":"GoBosnia-crkva-uspenja-brcko.webp","path":"\/home\/markop5\/go-bosnia.com\/wp-content\/uploads\/2026\/04\/GoBosnia-crkva-uspenja-brcko.webp","url":"https:\/\/go-bosnia.com\/wp-content\/uploads\/2026\/04\/GoBosnia-crkva-uspenja-brcko-150x150.webp","full_url":"https:\/\/go-bosnia.com\/wp-content\/uploads\/2026\/04\/GoBosnia-crkva-uspenja-brcko.webp","title":"Crkva Uspenja Presvete Bogorodice Br\u010dko","caption":"","description":"","alt":"Crkva Uspenja Presvete Bogorodice Br\u010dko","srcset":false},"slika_za_karticu":{"width":150,"height":150,"file":"2026\/04\/Crkva-uspenja-brcko.webp","filesize":22612,"sizes":{"medium":{"file":"Crkva-uspenja-brcko-240x300.webp","width":240,"height":300,"mime-type":"image\/webp","filesize":13504,"url":"https:\/\/go-bosnia.com\/wp-content\/uploads\/2026\/04\/Crkva-uspenja-brcko-240x300.webp"},"thumbnail":{"file":"Crkva-uspenja-brcko-150x150.webp","width":150,"height":150,"mime-type":"image\/webp","filesize":6230,"url":"https:\/\/go-bosnia.com\/wp-content\/uploads\/2026\/04\/Crkva-uspenja-brcko-150x150.webp"},"trp-custom-language-flag":{"file":"Crkva-uspenja-brcko-10x12.webp","width":10,"height":12,"mime-type":"image\/webp","filesize":136,"url":"https:\/\/go-bosnia.com\/wp-content\/uploads\/2026\/04\/Crkva-uspenja-brcko-10x12.webp"}},"image_meta":{"aperture":"0","credit":"","camera":"","caption":"","created_timestamp":"0","copyright":"","focal_length":"0","iso":"0","shutter_speed":"0","title":"","orientation":"0","keywords":[]},"ID":"1530","name":"Crkva-uspenja-brcko.webp","path":"\/home\/markop5\/go-bosnia.com\/wp-content\/uploads\/2026\/04\/Crkva-uspenja-brcko.webp","url":"https:\/\/go-bosnia.com\/wp-content\/uploads\/2026\/04\/Crkva-uspenja-brcko-150x150.webp","full_url":"https:\/\/go-bosnia.com\/wp-content\/uploads\/2026\/04\/Crkva-uspenja-brcko.webp","title":"Crkva Uspenja Presvete Bogorodice Br\u010dko","caption":"","description":"","alt":"Crkva Uspenja Presvete Bogorodice Br\u010dko","srcset":false},"prioritet":"55","unesco":"0","eko_turizam":"0","entitet_sa_ikonicom":"0","ikonica_entiteta":false,"kratki_opis":"Saborni hram Uspenja Presvete Bogorodice u Br\u010dkom predstavlja istinski duhovni svetionik Eparhije zvorni\u010dko\u2013tuzlanske, \u010dija istorija svjedo\u010di o velikim stradanjima i jo\u0161 ve\u0107im obnovama. Nakon \u0161to je prvobitni hram iz 1874. godine, koji je krasio ikonostas \u010duvenog Paje Jovanovi\u0107a, potpuno uni\u0161ten tokom Drugog svjetskog rata, sada\u0161nja crkva podignuta je na temeljima vjere i zajedni\u0161tva \u010dija je gradnja zapo\u010dela 1968. godine. \r\n\r\nDanas svojom monumentalno\u0161\u0107u, ikonostasom od slavonskog hrasta i bogatim \u017eivopisom Dragana Bjelogrli\u0107a \u010duva sje\u0107anje na vijekove pravoslavnog postojanja u ovom kraju. Ovo velelepno zdanje u srcu Br\u010dkog ne samo da spaja pro\u0161lost i sada\u0161njost, ve\u0107 svojom arhitektonskom ljepotom i duhovnim mirom ostaje jedan od najzna\u010dajnijih simbola grada i regije.","geografska_sirina":"44.87643","geografska_duzina":"18.81523","adresa":"VRG8+H3V, Jovana Du\u010di\u0107a, Br\u010dko 76100","broj_telefona":"+387649217305","email_adresa":"","instagram":"","facebook":"","tiktok":"","website":"","placeno":"0","nivo":"","tekst_linka":"","eksterni_link":"","booking_link":""},"_links":{"self":[{"href":"https:\/\/go-bosnia.com\/en\/wp-json\/wp\/v2\/entitet\/1529","targetHints":{"allow":["GET"]}}],"collection":[{"href":"https:\/\/go-bosnia.com\/en\/wp-json\/wp\/v2\/entitet"}],"about":[{"href":"https:\/\/go-bosnia.com\/en\/wp-json\/wp\/v2\/types\/entitet"}],"wp:featuredmedia":[{"embeddable":true,"href":"https:\/\/go-bosnia.com\/en\/wp-json\/wp\/v2\/media\/1531"}],"wp:attachment":[{"href":"https:\/\/go-bosnia.com\/en\/wp-json\/wp\/v2\/media?parent=1529"}],"wp:term":[{"taxonomy":"post_tag","embeddable":true,"href":"https:\/\/go-bosnia.com\/en\/wp-json\/wp\/v2\/tags?post=1529"}],"curies":[{"name":"wp","href":"https:\/\/api.w.org\/{rel}","templated":true}]}}