{"id":1554,"date":"2026-04-15T12:53:49","date_gmt":"2026-04-15T12:53:49","guid":{"rendered":"https:\/\/go-bosnia.com\/?post_type=entitet&#038;p=1554"},"modified":"2026-04-15T13:15:32","modified_gmt":"2026-04-15T13:15:32","slug":"gradascevica-kula","status":"publish","type":"entitet","link":"https:\/\/go-bosnia.com\/en\/entitet\/gradascevica-kula\/","title":{"rendered":"Grada\u0161\u010devi\u0107a kula"},"excerpt":{"rendered":"","protected":false},"featured_media":0,"parent":0,"template":"","tags":[21,12],"class_list":["post-1554","entitet","type-entitet","status-publish","hentry","tag-osmansko-doba","tag-tragovima-proslosti"],"uagb_featured_image_src":{"full":false,"thumbnail":false,"medium":false,"medium_large":false,"large":false,"1536x1536":false,"2048x2048":false,"trp-custom-language-flag":false,"neve-blog":false},"uagb_author_info":{"display_name":"Marko Balaban","author_link":"https:\/\/go-bosnia.com\/en\/author\/"},"uagb_comment_info":0,"uagb_excerpt":null,"meta_box":{"podnaslov":"","sira_kategorija":"Kulturno-istorijske i vjerske znamenitosti","uza_kategorija":"Spomenik","skriveni_entitet":"0","globalna_atrakcija":"0","lokalna_atrakcija":"0","grad":"281","gradovi_u_blizini":[],"regija":"278","moze_sadrzati_entitete":"0","superentitet":[],"cover_fotografija":{"width":150,"height":150,"file":"2026\/04\/GoBosnia-Grada-evi-a-kula.webp","filesize":183576,"sizes":{"medium":{"file":"GoBosnia-Grada-evi-a-kula-300x113.webp","width":300,"height":113,"mime-type":"image\/webp","filesize":8282,"url":"https:\/\/go-bosnia.com\/wp-content\/uploads\/2026\/04\/GoBosnia-Grada-evi-a-kula-300x113.webp"},"large":{"file":"GoBosnia-Grada-evi-a-kula-1024x384.webp","width":1024,"height":384,"mime-type":"image\/webp","filesize":80484,"url":"https:\/\/go-bosnia.com\/wp-content\/uploads\/2026\/04\/GoBosnia-Grada-evi-a-kula-1024x384.webp"},"thumbnail":{"file":"GoBosnia-Grada-evi-a-kula-150x150.webp","width":150,"height":150,"mime-type":"image\/webp","filesize":5426,"url":"https:\/\/go-bosnia.com\/wp-content\/uploads\/2026\/04\/GoBosnia-Grada-evi-a-kula-150x150.webp"},"medium_large":{"file":"GoBosnia-Grada-evi-a-kula-768x288.webp","width":768,"height":288,"mime-type":"image\/webp","filesize":47198,"url":"https:\/\/go-bosnia.com\/wp-content\/uploads\/2026\/04\/GoBosnia-Grada-evi-a-kula-768x288.webp"},"1536x1536":{"file":"GoBosnia-Grada-evi-a-kula-1536x576.webp","width":1536,"height":576,"mime-type":"image\/webp","filesize":156388,"url":"https:\/\/go-bosnia.com\/wp-content\/uploads\/2026\/04\/GoBosnia-Grada-evi-a-kula-1536x576.webp"},"trp-custom-language-flag":{"file":"GoBosnia-Grada-evi-a-kula-18x7.webp","width":18,"height":7,"mime-type":"image\/webp","filesize":182,"url":"https:\/\/go-bosnia.com\/wp-content\/uploads\/2026\/04\/GoBosnia-Grada-evi-a-kula-18x7.webp"},"neve-blog":{"file":"GoBosnia-Grada-evi-a-kula-930x620.webp","width":930,"height":620,"mime-type":"image\/webp","filesize":111680,"url":"https:\/\/go-bosnia.com\/wp-content\/uploads\/2026\/04\/GoBosnia-Grada-evi-a-kula-930x620.webp"}},"image_meta":{"aperture":"0","credit":"","camera":"","caption":"","created_timestamp":"0","copyright":"","focal_length":"0","iso":"0","shutter_speed":"0","title":"","orientation":"0","keywords":[]},"ID":"1555","name":"GoBosnia-Grada-evi-a-kula.webp","path":"\/home\/markop5\/go-bosnia.com\/wp-content\/uploads\/2026\/04\/GoBosnia-Grada-evi-a-kula.webp","url":"https:\/\/go-bosnia.com\/wp-content\/uploads\/2026\/04\/GoBosnia-Grada-evi-a-kula-150x150.webp","full_url":"https:\/\/go-bosnia.com\/wp-content\/uploads\/2026\/04\/GoBosnia-Grada-evi-a-kula.webp","title":"Grada\u0161\u010devi\u0107a kula Zvornik","caption":"","description":"","alt":"Grada\u0161\u010devi\u0107a kula Zvornik","srcset":false},"slika_za_karticu":{"width":150,"height":150,"file":"2026\/04\/Grada-evi-a-kula.webp","filesize":26206,"sizes":{"medium":{"file":"Grada-evi-a-kula-240x300.webp","width":240,"height":300,"mime-type":"image\/webp","filesize":15040,"url":"https:\/\/go-bosnia.com\/wp-content\/uploads\/2026\/04\/Grada-evi-a-kula-240x300.webp"},"thumbnail":{"file":"Grada-evi-a-kula-150x150.webp","width":150,"height":150,"mime-type":"image\/webp","filesize":6086,"url":"https:\/\/go-bosnia.com\/wp-content\/uploads\/2026\/04\/Grada-evi-a-kula-150x150.webp"},"trp-custom-language-flag":{"file":"Grada-evi-a-kula-10x12.webp","width":10,"height":12,"mime-type":"image\/webp","filesize":134,"url":"https:\/\/go-bosnia.com\/wp-content\/uploads\/2026\/04\/Grada-evi-a-kula-10x12.webp"}},"image_meta":{"aperture":"0","credit":"","camera":"","caption":"","created_timestamp":"0","copyright":"","focal_length":"0","iso":"0","shutter_speed":"0","title":"","orientation":"0","keywords":[]},"ID":"1556","name":"Grada-evi-a-kula.webp","path":"\/home\/markop5\/go-bosnia.com\/wp-content\/uploads\/2026\/04\/Grada-evi-a-kula.webp","url":"https:\/\/go-bosnia.com\/wp-content\/uploads\/2026\/04\/Grada-evi-a-kula-150x150.webp","full_url":"https:\/\/go-bosnia.com\/wp-content\/uploads\/2026\/04\/Grada-evi-a-kula.webp","title":"Grada\u0161\u010devi\u0107a kula Zvornik","caption":"","description":"","alt":"Grada\u0161\u010devi\u0107a kula Zvornik","srcset":false},"prioritet":"52","unesco":"0","eko_turizam":"0","entitet_sa_ikonicom":"0","ikonica_entiteta":false,"kratki_opis":"Sme\u0161tena na pitomim obroncima Majevice u naselju Bijela, Grada\u0161\u010devi\u0107a kula predstavlja fascinantan primer stambeno-fortifikacijske arhitekture osmanskog perioda i jedno od najvrednijih zdanja ove vrste u regionu. Podignuta na razme\u0111u 18. i 19. veka, ova monumentalna gra\u0111evina, \u010diji se vrh izdi\u017ee do impresivnih 23 metra, svedo\u010di o mo\u0107i i strate\u0161kom zna\u010daju porodice Grada\u0161\u010devi\u0107. \r\n\r\nKula se izdvaja specifi\u010dnom konstrukcijom u kojoj su, za razliku od tradicionalnih \u010datmi, gornji spratovi gra\u0111eni od masivnog kamena, dok prizemlje obezbe\u0111uju zidovi debljine \u010dak 152 centimetra. Unutra\u0161njost kule krije jedinstvenu \u201e\u0107emerodaju\u201c \u2013 prostoriju pod svodom koja odi\u0161e duhom pro\u0161lih vremena, dok \u010ditav kompleks opasan visokim kamenim zidovima i ulaznom kapijom formira neosvojivu, a istovremeno gospodsku celinu. Kao progla\u0161eni nacionalni spomenik Bosne i Hercegovine, Grada\u0161\u010devi\u0107a kula u Bijeloj nije samo kamena utvrda, ve\u0107 autenti\u010dni \u010duvar istorije koji ponosno prkosi vremenu, \u010duvaju\u0107i pri\u010de o plemi\u0107kom \u017eivotu i odbrani hercegova\u010dkih i bosanskih poseda.","geografska_sirina":"44.79478","geografska_duzina":"18.57093","adresa":"QHVC+W96, Bijela","broj_telefona":"","email_adresa":"","instagram":"","facebook":"","tiktok":"","website":"","placeno":"0","nivo":"","tekst_linka":"","eksterni_link":"","booking_link":""},"_links":{"self":[{"href":"https:\/\/go-bosnia.com\/en\/wp-json\/wp\/v2\/entitet\/1554","targetHints":{"allow":["GET"]}}],"collection":[{"href":"https:\/\/go-bosnia.com\/en\/wp-json\/wp\/v2\/entitet"}],"about":[{"href":"https:\/\/go-bosnia.com\/en\/wp-json\/wp\/v2\/types\/entitet"}],"wp:attachment":[{"href":"https:\/\/go-bosnia.com\/en\/wp-json\/wp\/v2\/media?parent=1554"}],"wp:term":[{"taxonomy":"post_tag","embeddable":true,"href":"https:\/\/go-bosnia.com\/en\/wp-json\/wp\/v2\/tags?post=1554"}],"curies":[{"name":"wp","href":"https:\/\/api.w.org\/{rel}","templated":true}]}}