{"id":1579,"date":"2026-04-15T14:55:28","date_gmt":"2026-04-15T14:55:28","guid":{"rendered":"https:\/\/go-bosnia.com\/?post_type=entitet&#038;p=1579"},"modified":"2026-04-15T14:55:28","modified_gmt":"2026-04-15T14:55:28","slug":"atik-savska-dzamija","status":"publish","type":"entitet","link":"https:\/\/go-bosnia.com\/en\/entitet\/atik-savska-dzamija\/","title":{"rendered":"Atik Savska d\u017eamija"},"excerpt":{"rendered":"","protected":false},"featured_media":1589,"parent":0,"template":"","tags":[24,12],"class_list":["post-1579","entitet","type-entitet","status-publish","has-post-thumbnail","hentry","tag-duhovna-oaza","tag-tragovima-proslosti"],"uagb_featured_image_src":{"full":["https:\/\/go-bosnia.com\/wp-content\/uploads\/2026\/04\/GoBosnia-atik-savska-dzamija.webp",1920,720,false],"thumbnail":["https:\/\/go-bosnia.com\/wp-content\/uploads\/2026\/04\/GoBosnia-atik-savska-dzamija-150x150.webp",150,150,true],"medium":["https:\/\/go-bosnia.com\/wp-content\/uploads\/2026\/04\/GoBosnia-atik-savska-dzamija-300x113.webp",300,113,true],"medium_large":["https:\/\/go-bosnia.com\/wp-content\/uploads\/2026\/04\/GoBosnia-atik-savska-dzamija-768x288.webp",768,288,true],"large":["https:\/\/go-bosnia.com\/wp-content\/uploads\/2026\/04\/GoBosnia-atik-savska-dzamija-1024x384.webp",1024,384,true],"1536x1536":["https:\/\/go-bosnia.com\/wp-content\/uploads\/2026\/04\/GoBosnia-atik-savska-dzamija-1536x576.webp",1536,576,true],"2048x2048":["https:\/\/go-bosnia.com\/wp-content\/uploads\/2026\/04\/GoBosnia-atik-savska-dzamija.webp",1920,720,false],"trp-custom-language-flag":["https:\/\/go-bosnia.com\/wp-content\/uploads\/2026\/04\/GoBosnia-atik-savska-dzamija-18x7.webp",18,7,true],"neve-blog":["https:\/\/go-bosnia.com\/wp-content\/uploads\/2026\/04\/GoBosnia-atik-savska-dzamija-930x620.webp",930,620,true]},"uagb_author_info":{"display_name":"Marko Balaban","author_link":"https:\/\/go-bosnia.com\/en\/author\/"},"uagb_comment_info":0,"uagb_excerpt":null,"meta_box":{"podnaslov":"","sira_kategorija":"Kulturno-istorijske i vjerske znamenitosti","uza_kategorija":"D\u017eamija","skriveni_entitet":"0","globalna_atrakcija":"0","lokalna_atrakcija":"0","grad":"281","gradovi_u_blizini":[],"regija":"278","moze_sadrzati_entitete":"0","superentitet":[],"cover_fotografija":{"width":150,"height":150,"file":"2026\/04\/GoBosnia-atik-savska-dzamija.webp","filesize":53440,"sizes":{"medium":{"file":"GoBosnia-atik-savska-dzamija-300x113.webp","width":300,"height":113,"mime-type":"image\/webp","filesize":5828,"url":"https:\/\/go-bosnia.com\/wp-content\/uploads\/2026\/04\/GoBosnia-atik-savska-dzamija-300x113.webp"},"large":{"file":"GoBosnia-atik-savska-dzamija-1024x384.webp","width":1024,"height":384,"mime-type":"image\/webp","filesize":30182,"url":"https:\/\/go-bosnia.com\/wp-content\/uploads\/2026\/04\/GoBosnia-atik-savska-dzamija-1024x384.webp"},"thumbnail":{"file":"GoBosnia-atik-savska-dzamija-150x150.webp","width":150,"height":150,"mime-type":"image\/webp","filesize":3588,"url":"https:\/\/go-bosnia.com\/wp-content\/uploads\/2026\/04\/GoBosnia-atik-savska-dzamija-150x150.webp"},"medium_large":{"file":"GoBosnia-atik-savska-dzamija-768x288.webp","width":768,"height":288,"mime-type":"image\/webp","filesize":20922,"url":"https:\/\/go-bosnia.com\/wp-content\/uploads\/2026\/04\/GoBosnia-atik-savska-dzamija-768x288.webp"},"1536x1536":{"file":"GoBosnia-atik-savska-dzamija-1536x576.webp","width":1536,"height":576,"mime-type":"image\/webp","filesize":48662,"url":"https:\/\/go-bosnia.com\/wp-content\/uploads\/2026\/04\/GoBosnia-atik-savska-dzamija-1536x576.webp"},"trp-custom-language-flag":{"file":"GoBosnia-atik-savska-dzamija-18x7.webp","width":18,"height":7,"mime-type":"image\/webp","filesize":162,"url":"https:\/\/go-bosnia.com\/wp-content\/uploads\/2026\/04\/GoBosnia-atik-savska-dzamija-18x7.webp"},"neve-blog":{"file":"GoBosnia-atik-savska-dzamija-930x620.webp","width":930,"height":620,"mime-type":"image\/webp","filesize":33092,"url":"https:\/\/go-bosnia.com\/wp-content\/uploads\/2026\/04\/GoBosnia-atik-savska-dzamija-930x620.webp"}},"image_meta":{"aperture":"0","credit":"","camera":"","caption":"","created_timestamp":"0","copyright":"","focal_length":"0","iso":"0","shutter_speed":"0","title":"","orientation":"0","keywords":[]},"ID":"1589","name":"GoBosnia-atik-savska-dzamija.webp","path":"\/home\/markop5\/go-bosnia.com\/wp-content\/uploads\/2026\/04\/GoBosnia-atik-savska-dzamija.webp","url":"https:\/\/go-bosnia.com\/wp-content\/uploads\/2026\/04\/GoBosnia-atik-savska-dzamija-150x150.webp","full_url":"https:\/\/go-bosnia.com\/wp-content\/uploads\/2026\/04\/GoBosnia-atik-savska-dzamija.webp","title":"GoBosnia-atik-savska-dzamija","caption":"","description":"","alt":"GoBosnia-atik-savska-dzamija","srcset":false},"slika_za_karticu":{"width":150,"height":150,"file":"2026\/04\/atik-savska-dzamija.webp","filesize":17014,"sizes":{"medium":{"file":"atik-savska-dzamija-240x300.webp","width":240,"height":300,"mime-type":"image\/webp","filesize":9256,"url":"https:\/\/go-bosnia.com\/wp-content\/uploads\/2026\/04\/atik-savska-dzamija-240x300.webp"},"thumbnail":{"file":"atik-savska-dzamija-150x150.webp","width":150,"height":150,"mime-type":"image\/webp","filesize":3966,"url":"https:\/\/go-bosnia.com\/wp-content\/uploads\/2026\/04\/atik-savska-dzamija-150x150.webp"},"trp-custom-language-flag":{"file":"atik-savska-dzamija-10x12.webp","width":10,"height":12,"mime-type":"image\/webp","filesize":134,"url":"https:\/\/go-bosnia.com\/wp-content\/uploads\/2026\/04\/atik-savska-dzamija-10x12.webp"}},"image_meta":{"aperture":"0","credit":"","camera":"","caption":"","created_timestamp":"0","copyright":"","focal_length":"0","iso":"0","shutter_speed":"0","title":"","orientation":"0","keywords":[]},"ID":"1588","name":"atik-savska-dzamija.webp","path":"\/home\/markop5\/go-bosnia.com\/wp-content\/uploads\/2026\/04\/atik-savska-dzamija.webp","url":"https:\/\/go-bosnia.com\/wp-content\/uploads\/2026\/04\/atik-savska-dzamija-150x150.webp","full_url":"https:\/\/go-bosnia.com\/wp-content\/uploads\/2026\/04\/atik-savska-dzamija.webp","title":"atik-savska-dzamija","caption":"","description":"","alt":"atik-savska-dzamija","srcset":false},"prioritet":"48","unesco":"0","eko_turizam":"0","entitet_sa_ikonicom":"0","ikonica_entiteta":false,"kratki_opis":"Atik d\u017eamija, poznata i kao Savska ili \u010car\u0161ijska d\u017eamija, predstavlja najstariji i jedan od najzna\u010dajnijih islamskih sakralnih spomenika u Br\u010dkom. Smje\u0161tena na strate\u0161kom i slikovitom u\u0161\u0107u rijeke Brke u Savu, na samom Kona\u010dkom brdu, ova d\u017eamija ve\u0107 vijekovima stoji kao \u010duvar istorije grada koji se razvijao oko njenih zidina. Sam naziv \u201eAtik\u201c, \u0161to na turskom jeziku zna\u010di stari, potvr\u0111uje njen primat u vremenu, budu\u0107i da je izgra\u0111ena davne 1650. godine, \u010dime je udarila temelje urbanom razvoju najstarije br\u010danske mahale.\r\n\r\nPrvobitno sagra\u0111ena od drveta, d\u017eamija je kroz vijekove pro\u0161irivana kako bi pratila rast broja vjernika, prerastaju\u0107i u masivniju gra\u0111evinu koja je, zajedno sa susjednim mektebom i du\u0107anima, \u010dinila srce tada\u0161nje \u010dar\u0161ije. Njen zna\u010daj nadilazi lokalne okvire, \u0161to je potvr\u0111eno i zvani\u010dnim progla\u0161enjem d\u017eamije i njenog harema za nacionalni spomenik Bosne i Hercegovine. Danas, Atik d\u017eamija nije samo mjesto molitve, ve\u0107 i autenti\u010dni arhitektonski simbol Br\u010dkog koji svjedo\u010di o pro\u017eimanju kultura, trgovine i duhovnosti na obalama Save.","geografska_sirina":"44.87945","geografska_duzina":"18.80851","adresa":"VRH5+RC7, Kona\u010dko brdo, Br\u010dko","broj_telefona":"","email_adresa":"","instagram":"","facebook":"","tiktok":"","website":"","placeno":"0","nivo":"","tekst_linka":"","eksterni_link":"","booking_link":""},"_links":{"self":[{"href":"https:\/\/go-bosnia.com\/en\/wp-json\/wp\/v2\/entitet\/1579","targetHints":{"allow":["GET"]}}],"collection":[{"href":"https:\/\/go-bosnia.com\/en\/wp-json\/wp\/v2\/entitet"}],"about":[{"href":"https:\/\/go-bosnia.com\/en\/wp-json\/wp\/v2\/types\/entitet"}],"wp:featuredmedia":[{"embeddable":true,"href":"https:\/\/go-bosnia.com\/en\/wp-json\/wp\/v2\/media\/1589"}],"wp:attachment":[{"href":"https:\/\/go-bosnia.com\/en\/wp-json\/wp\/v2\/media?parent=1579"}],"wp:term":[{"taxonomy":"post_tag","embeddable":true,"href":"https:\/\/go-bosnia.com\/en\/wp-json\/wp\/v2\/tags?post=1579"}],"curies":[{"name":"wp","href":"https:\/\/api.w.org\/{rel}","templated":true}]}}