{"id":2532,"date":"2026-04-22T09:49:15","date_gmt":"2026-04-22T09:49:15","guid":{"rendered":"https:\/\/go-bosnia.com\/?post_type=entitet&#038;p=2532"},"modified":"2026-04-22T09:49:15","modified_gmt":"2026-04-22T09:49:15","slug":"vidikovac-pogledala","status":"publish","type":"entitet","link":"https:\/\/go-bosnia.com\/en\/entitet\/vidikovac-pogledala\/","title":{"rendered":"Vidikovac Pogledala"},"excerpt":{"rendered":"","protected":false},"featured_media":2534,"parent":0,"template":"","tags":[11,16,15,25],"class_list":["post-2532","entitet","type-entitet","status-publish","has-post-thumbnail","hentry","tag-idealno-za-fotografije","tag-netaknuta-priroda","tag-planinarenje","tag-setnja"],"uagb_featured_image_src":{"full":["https:\/\/go-bosnia.com\/wp-content\/uploads\/2026\/04\/GoBosnia-Vidikovac-Pogledala-Srebrenica.webp",1920,720,false],"thumbnail":["https:\/\/go-bosnia.com\/wp-content\/uploads\/2026\/04\/GoBosnia-Vidikovac-Pogledala-Srebrenica-150x150.webp",150,150,true],"medium":["https:\/\/go-bosnia.com\/wp-content\/uploads\/2026\/04\/GoBosnia-Vidikovac-Pogledala-Srebrenica-300x113.webp",300,113,true],"medium_large":["https:\/\/go-bosnia.com\/wp-content\/uploads\/2026\/04\/GoBosnia-Vidikovac-Pogledala-Srebrenica-768x288.webp",768,288,true],"large":["https:\/\/go-bosnia.com\/wp-content\/uploads\/2026\/04\/GoBosnia-Vidikovac-Pogledala-Srebrenica-1024x384.webp",1024,384,true],"1536x1536":["https:\/\/go-bosnia.com\/wp-content\/uploads\/2026\/04\/GoBosnia-Vidikovac-Pogledala-Srebrenica-1536x576.webp",1536,576,true],"2048x2048":["https:\/\/go-bosnia.com\/wp-content\/uploads\/2026\/04\/GoBosnia-Vidikovac-Pogledala-Srebrenica.webp",1920,720,false],"trp-custom-language-flag":["https:\/\/go-bosnia.com\/wp-content\/uploads\/2026\/04\/GoBosnia-Vidikovac-Pogledala-Srebrenica-18x7.webp",18,7,true],"neve-blog":["https:\/\/go-bosnia.com\/wp-content\/uploads\/2026\/04\/GoBosnia-Vidikovac-Pogledala-Srebrenica-930x620.webp",930,620,true]},"uagb_author_info":{"display_name":"Branko Leburi\u0107","author_link":"https:\/\/go-bosnia.com\/en\/author\/"},"uagb_comment_info":0,"uagb_excerpt":null,"meta_box":{"podnaslov":"","sira_kategorija":"Prirodne ljepote","uza_kategorija":"Vidikovac","skriveni_entitet":"0","globalna_atrakcija":"1","lokalna_atrakcija":"1","grad":"1378","gradovi_u_blizini":[],"regija":"257","moze_sadrzati_entitete":"0","superentitet":["2460"],"cover_fotografija":{"width":150,"height":150,"file":"2026\/04\/GoBosnia-Vidikovac-Pogledala-Srebrenica.webp","filesize":241056,"sizes":{"medium":{"file":"GoBosnia-Vidikovac-Pogledala-Srebrenica-300x113.webp","width":300,"height":113,"mime-type":"image\/webp","filesize":10812,"url":"https:\/\/go-bosnia.com\/wp-content\/uploads\/2026\/04\/GoBosnia-Vidikovac-Pogledala-Srebrenica-300x113.webp"},"large":{"file":"GoBosnia-Vidikovac-Pogledala-Srebrenica-1024x384.webp","width":1024,"height":384,"mime-type":"image\/webp","filesize":112852,"url":"https:\/\/go-bosnia.com\/wp-content\/uploads\/2026\/04\/GoBosnia-Vidikovac-Pogledala-Srebrenica-1024x384.webp"},"thumbnail":{"file":"GoBosnia-Vidikovac-Pogledala-Srebrenica-150x150.webp","width":150,"height":150,"mime-type":"image\/webp","filesize":6860,"url":"https:\/\/go-bosnia.com\/wp-content\/uploads\/2026\/04\/GoBosnia-Vidikovac-Pogledala-Srebrenica-150x150.webp"},"medium_large":{"file":"GoBosnia-Vidikovac-Pogledala-Srebrenica-768x288.webp","width":768,"height":288,"mime-type":"image\/webp","filesize":66482,"url":"https:\/\/go-bosnia.com\/wp-content\/uploads\/2026\/04\/GoBosnia-Vidikovac-Pogledala-Srebrenica-768x288.webp"},"1536x1536":{"file":"GoBosnia-Vidikovac-Pogledala-Srebrenica-1536x576.webp","width":1536,"height":576,"mime-type":"image\/webp","filesize":213164,"url":"https:\/\/go-bosnia.com\/wp-content\/uploads\/2026\/04\/GoBosnia-Vidikovac-Pogledala-Srebrenica-1536x576.webp"},"trp-custom-language-flag":{"file":"GoBosnia-Vidikovac-Pogledala-Srebrenica-18x7.webp","width":18,"height":7,"mime-type":"image\/webp","filesize":162,"url":"https:\/\/go-bosnia.com\/wp-content\/uploads\/2026\/04\/GoBosnia-Vidikovac-Pogledala-Srebrenica-18x7.webp"},"neve-blog":{"file":"GoBosnia-Vidikovac-Pogledala-Srebrenica-930x620.webp","width":930,"height":620,"mime-type":"image\/webp","filesize":135578,"url":"https:\/\/go-bosnia.com\/wp-content\/uploads\/2026\/04\/GoBosnia-Vidikovac-Pogledala-Srebrenica-930x620.webp"}},"image_meta":{"aperture":"0","credit":"","camera":"","caption":"","created_timestamp":"0","copyright":"","focal_length":"0","iso":"0","shutter_speed":"0","title":"","orientation":"0","keywords":[]},"ID":"2534","name":"GoBosnia-Vidikovac-Pogledala-Srebrenica.webp","path":"\/home\/markop5\/go-bosnia.com\/wp-content\/uploads\/2026\/04\/GoBosnia-Vidikovac-Pogledala-Srebrenica.webp","url":"https:\/\/go-bosnia.com\/wp-content\/uploads\/2026\/04\/GoBosnia-Vidikovac-Pogledala-Srebrenica-150x150.webp","full_url":"https:\/\/go-bosnia.com\/wp-content\/uploads\/2026\/04\/GoBosnia-Vidikovac-Pogledala-Srebrenica.webp","title":"Vidikovac Pogledala Srebrenica","caption":"","description":"","alt":"Vidikovac Pogledala Srebrenica","srcset":false},"slika_za_karticu":{"width":150,"height":150,"file":"2026\/04\/GoBosnia-Vidikovac-Pogledala.png","filesize":132127,"sizes":{"medium":{"file":"GoBosnia-Vidikovac-Pogledala-240x300.png","width":240,"height":300,"mime-type":"image\/png","filesize":53068,"url":"https:\/\/go-bosnia.com\/wp-content\/uploads\/2026\/04\/GoBosnia-Vidikovac-Pogledala-240x300.png"},"thumbnail":{"file":"GoBosnia-Vidikovac-Pogledala-150x150.png","width":150,"height":150,"mime-type":"image\/png","filesize":20758,"url":"https:\/\/go-bosnia.com\/wp-content\/uploads\/2026\/04\/GoBosnia-Vidikovac-Pogledala-150x150.png"},"trp-custom-language-flag":{"file":"GoBosnia-Vidikovac-Pogledala-10x12.png","width":10,"height":12,"mime-type":"image\/png","filesize":564,"url":"https:\/\/go-bosnia.com\/wp-content\/uploads\/2026\/04\/GoBosnia-Vidikovac-Pogledala-10x12.png"}},"image_meta":{"aperture":"0","credit":"","camera":"","caption":"","created_timestamp":"0","copyright":"","focal_length":"0","iso":"0","shutter_speed":"0","title":"","orientation":"0","keywords":[]},"ID":"2535","name":"GoBosnia-Vidikovac-Pogledala.png","path":"\/home\/markop5\/go-bosnia.com\/wp-content\/uploads\/2026\/04\/GoBosnia-Vidikovac-Pogledala.png","url":"https:\/\/go-bosnia.com\/wp-content\/uploads\/2026\/04\/GoBosnia-Vidikovac-Pogledala-150x150.png","full_url":"https:\/\/go-bosnia.com\/wp-content\/uploads\/2026\/04\/GoBosnia-Vidikovac-Pogledala.png","title":"Vidikovac Pogledala Srebrenica","caption":"","description":"","alt":"Vidikovac Pogledala Srebrenica","srcset":false},"prioritet":"45","unesco":"0","eko_turizam":"1","entitet_sa_ikonicom":"0","ikonica_entiteta":false,"kratki_opis":"Tamo gdje se Drina silovito usijeca izme\u0111u planina Zvijezde i Tare, priroda je isklesala svoj najljep\u0161i kanjon, stvaraju\u0107i prizore koji djeluju gotovo nestvarno. Na tom potezu, daleko od utabanih turisti\u010dkih staza, krije se vidikovac Pogledala \u2013 mjesto sa kojeg se pru\u017ea vrhunski pogled na \u010dudesni rije\u010dni zaokret i nepregledno zelenilo planine Su\u0161ice.\r\n\r\nUspon do ovog skrivenog dragulja vodi kroz gustu, samoniklu \u0161umu. Sa Pogledala, kanjon Drine se ukazuje u svojoj punoj, netaknutoj snazi, bez ijednog vidljivog o\u017eiljka civilizacije. To je onaj rijetki kutak prirode koji oduzima dah i nagoni vas da se zapitate kako je mogu\u0107e da ovakva ljepota, nadohvat ruke, i dalje uspijeva ostati tajna rezervisana samo za najupornije istra\u017eiva\u010de.","geografska_sirina":"44.02432","geografska_duzina":"19.23026","adresa":"26GJ+66 Podravno, Bosna i Hercegovina","broj_telefona":"","email_adresa":"","instagram":"","facebook":"","tiktok":"","website":"","placeno":"0","nivo":"","tekst_linka":"","eksterni_link":"","booking_link":""},"_links":{"self":[{"href":"https:\/\/go-bosnia.com\/en\/wp-json\/wp\/v2\/entitet\/2532","targetHints":{"allow":["GET"]}}],"collection":[{"href":"https:\/\/go-bosnia.com\/en\/wp-json\/wp\/v2\/entitet"}],"about":[{"href":"https:\/\/go-bosnia.com\/en\/wp-json\/wp\/v2\/types\/entitet"}],"wp:featuredmedia":[{"embeddable":true,"href":"https:\/\/go-bosnia.com\/en\/wp-json\/wp\/v2\/media\/2534"}],"wp:attachment":[{"href":"https:\/\/go-bosnia.com\/en\/wp-json\/wp\/v2\/media?parent=2532"}],"wp:term":[{"taxonomy":"post_tag","embeddable":true,"href":"https:\/\/go-bosnia.com\/en\/wp-json\/wp\/v2\/tags?post=2532"}],"curies":[{"name":"wp","href":"https:\/\/api.w.org\/{rel}","templated":true}]}}