{"id":3517,"date":"2026-04-25T13:52:26","date_gmt":"2026-04-25T13:52:26","guid":{"rendered":"https:\/\/go-bosnia.com\/?post_type=entitet&#038;p=3517"},"modified":"2026-04-25T13:52:26","modified_gmt":"2026-04-25T13:52:26","slug":"tvrdjava-vranduk","status":"publish","type":"entitet","link":"https:\/\/go-bosnia.com\/en\/entitet\/tvrdjava-vranduk\/","title":{"rendered":"Tvr\u0111ava Vranduk"},"excerpt":{"rendered":"","protected":false},"featured_media":3520,"parent":0,"template":"","tags":[11,21,12],"class_list":["post-3517","entitet","type-entitet","status-publish","has-post-thumbnail","hentry","tag-idealno-za-fotografije","tag-osmansko-doba","tag-tragovima-proslosti"],"uagb_featured_image_src":{"full":["https:\/\/go-bosnia.com\/wp-content\/uploads\/2026\/04\/GoBosnia-tvrdjava-vranduk-optimized.webp",1920,720,false],"thumbnail":["https:\/\/go-bosnia.com\/wp-content\/uploads\/2026\/04\/GoBosnia-tvrdjava-vranduk-optimized-150x150.webp",150,150,true],"medium":["https:\/\/go-bosnia.com\/wp-content\/uploads\/2026\/04\/GoBosnia-tvrdjava-vranduk-optimized-300x113.webp",300,113,true],"medium_large":["https:\/\/go-bosnia.com\/wp-content\/uploads\/2026\/04\/GoBosnia-tvrdjava-vranduk-optimized-768x288.webp",768,288,true],"large":["https:\/\/go-bosnia.com\/wp-content\/uploads\/2026\/04\/GoBosnia-tvrdjava-vranduk-optimized-1024x384.webp",1024,384,true],"1536x1536":["https:\/\/go-bosnia.com\/wp-content\/uploads\/2026\/04\/GoBosnia-tvrdjava-vranduk-optimized-1536x576.webp",1536,576,true],"2048x2048":["https:\/\/go-bosnia.com\/wp-content\/uploads\/2026\/04\/GoBosnia-tvrdjava-vranduk-optimized.webp",1920,720,false],"trp-custom-language-flag":["https:\/\/go-bosnia.com\/wp-content\/uploads\/2026\/04\/GoBosnia-tvrdjava-vranduk-optimized-18x7.webp",18,7,true],"neve-blog":["https:\/\/go-bosnia.com\/wp-content\/uploads\/2026\/04\/GoBosnia-tvrdjava-vranduk-optimized-930x620.webp",930,620,true]},"uagb_author_info":{"display_name":"Marko Balaban","author_link":"https:\/\/go-bosnia.com\/en\/author\/"},"uagb_comment_info":0,"uagb_excerpt":null,"meta_box":{"podnaslov":"","sira_kategorija":"Kulturno-istorijske i vjerske znamenitosti","uza_kategorija":"Tvr\u0111ava","skriveni_entitet":"0","globalna_atrakcija":"0","lokalna_atrakcija":"0","grad":"190","gradovi_u_blizini":[],"regija":"187","moze_sadrzati_entitete":"0","superentitet":[],"cover_fotografija":{"width":150,"height":150,"file":"2026\/04\/GoBosnia-tvrdjava-vranduk-optimized.webp","filesize":157802,"sizes":{"medium":{"file":"GoBosnia-tvrdjava-vranduk-optimized-300x113.webp","width":300,"height":113,"mime-type":"image\/webp","filesize":11088,"url":"https:\/\/go-bosnia.com\/wp-content\/uploads\/2026\/04\/GoBosnia-tvrdjava-vranduk-optimized-300x113.webp"},"large":{"file":"GoBosnia-tvrdjava-vranduk-optimized-1024x384.webp","width":1024,"height":384,"mime-type":"image\/webp","filesize":98626,"url":"https:\/\/go-bosnia.com\/wp-content\/uploads\/2026\/04\/GoBosnia-tvrdjava-vranduk-optimized-1024x384.webp"},"thumbnail":{"file":"GoBosnia-tvrdjava-vranduk-optimized-150x150.webp","width":150,"height":150,"mime-type":"image\/webp","filesize":7102,"url":"https:\/\/go-bosnia.com\/wp-content\/uploads\/2026\/04\/GoBosnia-tvrdjava-vranduk-optimized-150x150.webp"},"medium_large":{"file":"GoBosnia-tvrdjava-vranduk-optimized-768x288.webp","width":768,"height":288,"mime-type":"image\/webp","filesize":60066,"url":"https:\/\/go-bosnia.com\/wp-content\/uploads\/2026\/04\/GoBosnia-tvrdjava-vranduk-optimized-768x288.webp"},"1536x1536":{"file":"GoBosnia-tvrdjava-vranduk-optimized-1536x576.webp","width":1536,"height":576,"mime-type":"image\/webp","filesize":186866,"url":"https:\/\/go-bosnia.com\/wp-content\/uploads\/2026\/04\/GoBosnia-tvrdjava-vranduk-optimized-1536x576.webp"},"trp-custom-language-flag":{"file":"GoBosnia-tvrdjava-vranduk-optimized-18x7.webp","width":18,"height":7,"mime-type":"image\/webp","filesize":362,"url":"https:\/\/go-bosnia.com\/wp-content\/uploads\/2026\/04\/GoBosnia-tvrdjava-vranduk-optimized-18x7.webp"},"neve-blog":{"file":"GoBosnia-tvrdjava-vranduk-optimized-930x620.webp","width":930,"height":620,"mime-type":"image\/webp","filesize":127292,"url":"https:\/\/go-bosnia.com\/wp-content\/uploads\/2026\/04\/GoBosnia-tvrdjava-vranduk-optimized-930x620.webp"}},"image_meta":{"aperture":"0","credit":"","camera":"","caption":"","created_timestamp":"0","copyright":"","focal_length":"0","iso":"0","shutter_speed":"0","title":"","orientation":"0","keywords":[]},"ID":"3520","name":"GoBosnia-tvrdjava-vranduk-optimized.webp","path":"\/home\/markop5\/go-bosnia.com\/wp-content\/uploads\/2026\/04\/GoBosnia-tvrdjava-vranduk-optimized.webp","url":"https:\/\/go-bosnia.com\/wp-content\/uploads\/2026\/04\/GoBosnia-tvrdjava-vranduk-optimized-150x150.webp","full_url":"https:\/\/go-bosnia.com\/wp-content\/uploads\/2026\/04\/GoBosnia-tvrdjava-vranduk-optimized.webp","title":"Tvr\u0111ava Vranduk Zenica","caption":"","description":"","alt":"Tvr\u0111ava Vranduk Zenica","srcset":false},"slika_za_karticu":{"width":150,"height":150,"file":"2026\/04\/tvrdjava-vranduk-optimized.webp","filesize":29278,"sizes":{"medium":{"file":"tvrdjava-vranduk-optimized-240x300.webp","width":240,"height":300,"mime-type":"image\/webp","filesize":20824,"url":"https:\/\/go-bosnia.com\/wp-content\/uploads\/2026\/04\/tvrdjava-vranduk-optimized-240x300.webp"},"thumbnail":{"file":"tvrdjava-vranduk-optimized-150x150.webp","width":150,"height":150,"mime-type":"image\/webp","filesize":7972,"url":"https:\/\/go-bosnia.com\/wp-content\/uploads\/2026\/04\/tvrdjava-vranduk-optimized-150x150.webp"},"trp-custom-language-flag":{"file":"tvrdjava-vranduk-optimized-10x12.webp","width":10,"height":12,"mime-type":"image\/webp","filesize":358,"url":"https:\/\/go-bosnia.com\/wp-content\/uploads\/2026\/04\/tvrdjava-vranduk-optimized-10x12.webp"}},"image_meta":{"aperture":"0","credit":"","camera":"","caption":"","created_timestamp":"0","copyright":"","focal_length":"0","iso":"0","shutter_speed":"0","title":"","orientation":"0","keywords":[]},"ID":"3521","name":"tvrdjava-vranduk-optimized.webp","path":"\/home\/markop5\/go-bosnia.com\/wp-content\/uploads\/2026\/04\/tvrdjava-vranduk-optimized.webp","url":"https:\/\/go-bosnia.com\/wp-content\/uploads\/2026\/04\/tvrdjava-vranduk-optimized-150x150.webp","full_url":"https:\/\/go-bosnia.com\/wp-content\/uploads\/2026\/04\/tvrdjava-vranduk-optimized.webp","title":"Tvr\u0111ava Vranduk Zenica","caption":"","description":"","alt":"Tvr\u0111ava Vranduk Zenica","srcset":false},"prioritet":"82","unesco":"0","eko_turizam":"0","entitet_sa_ikonicom":"0","ikonica_entiteta":false,"kratki_opis":"Stari grad Vranduk, smje\u0161ten na nepristupa\u010dnoj stijeni iznad klisure rijeke Bosne kod Zenice, predstavlja jedan od najo\u010duvanijih srednjovjekovnih utvr\u0111enih gradova na\u0161e zemlje. Podignut krajem 14. vijeka kao kraljevski posjed, Vranduk je kroz historiju bio klju\u010dna strate\u0161ka ta\u010dka u kojoj su bosanski kraljevi, poput Stjepana Toma\u0161a, potpisivali povelje i primali strane izaslanike. Njegove bedeme, koji su zbog te\u017eine osvajanja ostali neosvojivi \u010dak i za Eugena Savojskog 1697. godine, danas krase monumentalna glavna kula i arheolo\u0161ki nalazi koji svjedo\u010de o burnoj pro\u0161losti \u2013 od kraljevskih dvorana do osmanskog zatvora za politi\u010dke osu\u0111enike. Kao nacionalni spomenik, Vranduk nudi autenti\u010dan povratak u srednji vijek, spajaju\u0107i izvornu evropsku fortifikacijsku arhitekturu s nevjerovatnim pogledom na kanjon rijeke koji ga okru\u017euje.","geografska_sirina":"44.29153","geografska_duzina":"17.90393","adresa":"7WR3+MGX, Vranduk","broj_telefona":"","email_adresa":"","instagram":"","facebook":"","tiktok":"","website":"","placeno":"0","nivo":"","tekst_linka":"","eksterni_link":"","booking_link":""},"_links":{"self":[{"href":"https:\/\/go-bosnia.com\/en\/wp-json\/wp\/v2\/entitet\/3517","targetHints":{"allow":["GET"]}}],"collection":[{"href":"https:\/\/go-bosnia.com\/en\/wp-json\/wp\/v2\/entitet"}],"about":[{"href":"https:\/\/go-bosnia.com\/en\/wp-json\/wp\/v2\/types\/entitet"}],"wp:featuredmedia":[{"embeddable":true,"href":"https:\/\/go-bosnia.com\/en\/wp-json\/wp\/v2\/media\/3520"}],"wp:attachment":[{"href":"https:\/\/go-bosnia.com\/en\/wp-json\/wp\/v2\/media?parent=3517"}],"wp:term":[{"taxonomy":"post_tag","embeddable":true,"href":"https:\/\/go-bosnia.com\/en\/wp-json\/wp\/v2\/tags?post=3517"}],"curies":[{"name":"wp","href":"https:\/\/api.w.org\/{rel}","templated":true}]}}