{"id":3678,"date":"2026-04-26T10:41:19","date_gmt":"2026-04-26T10:41:19","guid":{"rendered":"https:\/\/go-bosnia.com\/?post_type=entitet&#038;p=3678"},"modified":"2026-04-26T10:52:36","modified_gmt":"2026-04-26T10:52:36","slug":"stari-grad-blagaj","status":"publish","type":"entitet","link":"https:\/\/go-bosnia.com\/en\/entitet\/stari-grad-blagaj\/","title":{"rendered":"Stari grad Blagaj"},"excerpt":{"rendered":"","protected":false},"featured_media":3679,"parent":0,"template":"","tags":[11,21,12,18],"class_list":["post-3678","entitet","type-entitet","status-publish","has-post-thumbnail","hentry","tag-idealno-za-fotografije","tag-osmansko-doba","tag-tragovima-proslosti","tag-vikend-izlet"],"uagb_featured_image_src":{"full":["https:\/\/go-bosnia.com\/wp-content\/uploads\/2026\/04\/GoBosnia-stari-grad-blagaj-optimized.webp",1920,720,false],"thumbnail":["https:\/\/go-bosnia.com\/wp-content\/uploads\/2026\/04\/GoBosnia-stari-grad-blagaj-optimized-150x150.webp",150,150,true],"medium":["https:\/\/go-bosnia.com\/wp-content\/uploads\/2026\/04\/GoBosnia-stari-grad-blagaj-optimized-300x113.webp",300,113,true],"medium_large":["https:\/\/go-bosnia.com\/wp-content\/uploads\/2026\/04\/GoBosnia-stari-grad-blagaj-optimized-768x288.webp",768,288,true],"large":["https:\/\/go-bosnia.com\/wp-content\/uploads\/2026\/04\/GoBosnia-stari-grad-blagaj-optimized-1024x384.webp",1024,384,true],"1536x1536":["https:\/\/go-bosnia.com\/wp-content\/uploads\/2026\/04\/GoBosnia-stari-grad-blagaj-optimized-1536x576.webp",1536,576,true],"2048x2048":["https:\/\/go-bosnia.com\/wp-content\/uploads\/2026\/04\/GoBosnia-stari-grad-blagaj-optimized.webp",1920,720,false],"trp-custom-language-flag":["https:\/\/go-bosnia.com\/wp-content\/uploads\/2026\/04\/GoBosnia-stari-grad-blagaj-optimized-18x7.webp",18,7,true],"neve-blog":["https:\/\/go-bosnia.com\/wp-content\/uploads\/2026\/04\/GoBosnia-stari-grad-blagaj-optimized-930x620.webp",930,620,true]},"uagb_author_info":{"display_name":"Marko Balaban","author_link":"https:\/\/go-bosnia.com\/en\/author\/"},"uagb_comment_info":0,"uagb_excerpt":null,"meta_box":{"podnaslov":"Herceg Stjepan grad","sira_kategorija":"Kulturno-istorijske i vjerske znamenitosti","uza_kategorija":"Stari grad","skriveni_entitet":"0","globalna_atrakcija":"0","lokalna_atrakcija":"0","grad":"78","gradovi_u_blizini":[],"regija":"66","moze_sadrzati_entitete":"0","superentitet":["3671"],"cover_fotografija":{"width":150,"height":150,"file":"2026\/04\/GoBosnia-stari-grad-blagaj-optimized.webp","filesize":143478,"sizes":{"medium":{"file":"GoBosnia-stari-grad-blagaj-optimized-300x113.webp","width":300,"height":113,"mime-type":"image\/webp","filesize":11872,"url":"https:\/\/go-bosnia.com\/wp-content\/uploads\/2026\/04\/GoBosnia-stari-grad-blagaj-optimized-300x113.webp"},"large":{"file":"GoBosnia-stari-grad-blagaj-optimized-1024x384.webp","width":1024,"height":384,"mime-type":"image\/webp","filesize":96974,"url":"https:\/\/go-bosnia.com\/wp-content\/uploads\/2026\/04\/GoBosnia-stari-grad-blagaj-optimized-1024x384.webp"},"thumbnail":{"file":"GoBosnia-stari-grad-blagaj-optimized-150x150.webp","width":150,"height":150,"mime-type":"image\/webp","filesize":7596,"url":"https:\/\/go-bosnia.com\/wp-content\/uploads\/2026\/04\/GoBosnia-stari-grad-blagaj-optimized-150x150.webp"},"medium_large":{"file":"GoBosnia-stari-grad-blagaj-optimized-768x288.webp","width":768,"height":288,"mime-type":"image\/webp","filesize":60512,"url":"https:\/\/go-bosnia.com\/wp-content\/uploads\/2026\/04\/GoBosnia-stari-grad-blagaj-optimized-768x288.webp"},"1536x1536":{"file":"GoBosnia-stari-grad-blagaj-optimized-1536x576.webp","width":1536,"height":576,"mime-type":"image\/webp","filesize":176050,"url":"https:\/\/go-bosnia.com\/wp-content\/uploads\/2026\/04\/GoBosnia-stari-grad-blagaj-optimized-1536x576.webp"},"trp-custom-language-flag":{"file":"GoBosnia-stari-grad-blagaj-optimized-18x7.webp","width":18,"height":7,"mime-type":"image\/webp","filesize":366,"url":"https:\/\/go-bosnia.com\/wp-content\/uploads\/2026\/04\/GoBosnia-stari-grad-blagaj-optimized-18x7.webp"},"neve-blog":{"file":"GoBosnia-stari-grad-blagaj-optimized-930x620.webp","width":930,"height":620,"mime-type":"image\/webp","filesize":115176,"url":"https:\/\/go-bosnia.com\/wp-content\/uploads\/2026\/04\/GoBosnia-stari-grad-blagaj-optimized-930x620.webp"}},"image_meta":{"aperture":"0","credit":"","camera":"","caption":"","created_timestamp":"0","copyright":"","focal_length":"0","iso":"0","shutter_speed":"0","title":"","orientation":"0","keywords":[]},"ID":"3679","name":"GoBosnia-stari-grad-blagaj-optimized.webp","path":"\/home\/markop5\/go-bosnia.com\/wp-content\/uploads\/2026\/04\/GoBosnia-stari-grad-blagaj-optimized.webp","url":"https:\/\/go-bosnia.com\/wp-content\/uploads\/2026\/04\/GoBosnia-stari-grad-blagaj-optimized-150x150.webp","full_url":"https:\/\/go-bosnia.com\/wp-content\/uploads\/2026\/04\/GoBosnia-stari-grad-blagaj-optimized.webp","title":"Stari grad Blagaj Mostar","caption":"","description":"","alt":"Stari grad Blagaj Mostar","srcset":false},"slika_za_karticu":{"width":150,"height":150,"file":"2026\/04\/stari-grad-blagaj-optimized.webp","filesize":30410,"sizes":{"medium":{"file":"stari-grad-blagaj-optimized-240x300.webp","width":240,"height":300,"mime-type":"image\/webp","filesize":21518,"url":"https:\/\/go-bosnia.com\/wp-content\/uploads\/2026\/04\/stari-grad-blagaj-optimized-240x300.webp"},"thumbnail":{"file":"stari-grad-blagaj-optimized-150x150.webp","width":150,"height":150,"mime-type":"image\/webp","filesize":8834,"url":"https:\/\/go-bosnia.com\/wp-content\/uploads\/2026\/04\/stari-grad-blagaj-optimized-150x150.webp"},"trp-custom-language-flag":{"file":"stari-grad-blagaj-optimized-10x12.webp","width":10,"height":12,"mime-type":"image\/webp","filesize":334,"url":"https:\/\/go-bosnia.com\/wp-content\/uploads\/2026\/04\/stari-grad-blagaj-optimized-10x12.webp"}},"image_meta":{"aperture":"0","credit":"","camera":"","caption":"","created_timestamp":"0","copyright":"","focal_length":"0","iso":"0","shutter_speed":"0","title":"","orientation":"0","keywords":[]},"ID":"3680","name":"stari-grad-blagaj-optimized.webp","path":"\/home\/markop5\/go-bosnia.com\/wp-content\/uploads\/2026\/04\/stari-grad-blagaj-optimized.webp","url":"https:\/\/go-bosnia.com\/wp-content\/uploads\/2026\/04\/stari-grad-blagaj-optimized-150x150.webp","full_url":"https:\/\/go-bosnia.com\/wp-content\/uploads\/2026\/04\/stari-grad-blagaj-optimized.webp","title":"Stari grad Blagaj Mostar","caption":"","description":"","alt":"Stari grad Blagaj Mostar","srcset":false},"prioritet":"75","unesco":"0","eko_turizam":"0","entitet_sa_ikonicom":"0","ikonica_entiteta":false,"kratki_opis":"Stari grad Blagaj, u narodu poznat kao Stjepan-grad, predstavlja jedan od najvrednijih nacionalnih spomenika Bosne i Hercegovine, smje\u0161ten na nepristupa\u010dnoj kra\u0161koj litici koja ljubomorno \u010duva ulaz u dolinu Neretve. Ova monumentalna utvrda, koja se prostire na vi\u0161e od dva hektara, kroz historiju je bila sjedi\u0161te mo\u0107nih plemi\u0107kih porodica \u2013 od vojvode Sandalja Hrani\u0107a do hercega Stjepana Vuk\u010di\u0107a Kosa\u010de, po kojem je i dobila ime. Iako prvi pisani tragovi datiraju iz 10. vijeka iz spisa vizantijskog cara Konstantina Porfirogenita, grad je svoj puni sjaj do\u017eivio u 14. i 15. vijeku kao politi\u010dki centar Humske zemlje. Njegovi masivni bedemi, kapi-kule i ostaci dvora-pala\u010de svjedo\u010de o vremenu kada su se ovdje izdavale kraljevske povelje, dok nalazi poput 700 kilograma olova i ugljenisanih \u017eitarica otkrivaju bogatstvo i dinami\u010dan \u017eivot unutar zidina prije dolaska Osmanlija 1465. godine.","geografska_sirina":"43.25984","geografska_duzina":"17.90275","adresa":"7W62+3R8, Blagaj","broj_telefona":"","email_adresa":"","instagram":"","facebook":"","tiktok":"","website":"","placeno":"0","nivo":"","tekst_linka":"","eksterni_link":"","booking_link":""},"_links":{"self":[{"href":"https:\/\/go-bosnia.com\/en\/wp-json\/wp\/v2\/entitet\/3678","targetHints":{"allow":["GET"]}}],"collection":[{"href":"https:\/\/go-bosnia.com\/en\/wp-json\/wp\/v2\/entitet"}],"about":[{"href":"https:\/\/go-bosnia.com\/en\/wp-json\/wp\/v2\/types\/entitet"}],"wp:featuredmedia":[{"embeddable":true,"href":"https:\/\/go-bosnia.com\/en\/wp-json\/wp\/v2\/media\/3679"}],"wp:attachment":[{"href":"https:\/\/go-bosnia.com\/en\/wp-json\/wp\/v2\/media?parent=3678"}],"wp:term":[{"taxonomy":"post_tag","embeddable":true,"href":"https:\/\/go-bosnia.com\/en\/wp-json\/wp\/v2\/tags?post=3678"}],"curies":[{"name":"wp","href":"https:\/\/api.w.org\/{rel}","templated":true}]}}