{"id":3864,"date":"2026-04-26T20:33:45","date_gmt":"2026-04-26T20:33:45","guid":{"rendered":"https:\/\/go-bosnia.com\/?post_type=entitet&#038;p=3864"},"modified":"2026-04-26T20:55:19","modified_gmt":"2026-04-26T20:55:19","slug":"planina-bjelasnica","status":"publish","type":"entitet","link":"https:\/\/go-bosnia.com\/en\/entitet\/planina-bjelasnica\/","title":{"rendered":"Planina Bjela\u0161nica"},"excerpt":{"rendered":"","protected":false},"featured_media":3894,"parent":0,"template":"","tags":[11,15,27,18],"class_list":["post-3864","entitet","type-entitet","status-publish","has-post-thumbnail","hentry","tag-idealno-za-fotografije","tag-planinarenje","tag-skijanje","tag-vikend-izlet"],"uagb_featured_image_src":{"full":["https:\/\/go-bosnia.com\/wp-content\/uploads\/2026\/04\/GoBosnia-planina-bjelasnica-optimized.webp",1920,720,false],"thumbnail":["https:\/\/go-bosnia.com\/wp-content\/uploads\/2026\/04\/GoBosnia-planina-bjelasnica-optimized-150x150.webp",150,150,true],"medium":["https:\/\/go-bosnia.com\/wp-content\/uploads\/2026\/04\/GoBosnia-planina-bjelasnica-optimized-300x113.webp",300,113,true],"medium_large":["https:\/\/go-bosnia.com\/wp-content\/uploads\/2026\/04\/GoBosnia-planina-bjelasnica-optimized-768x288.webp",768,288,true],"large":["https:\/\/go-bosnia.com\/wp-content\/uploads\/2026\/04\/GoBosnia-planina-bjelasnica-optimized-1024x384.webp",1024,384,true],"1536x1536":["https:\/\/go-bosnia.com\/wp-content\/uploads\/2026\/04\/GoBosnia-planina-bjelasnica-optimized-1536x576.webp",1536,576,true],"2048x2048":["https:\/\/go-bosnia.com\/wp-content\/uploads\/2026\/04\/GoBosnia-planina-bjelasnica-optimized.webp",1920,720,false],"trp-custom-language-flag":["https:\/\/go-bosnia.com\/wp-content\/uploads\/2026\/04\/GoBosnia-planina-bjelasnica-optimized-18x7.webp",18,7,true],"neve-blog":["https:\/\/go-bosnia.com\/wp-content\/uploads\/2026\/04\/GoBosnia-planina-bjelasnica-optimized-930x620.webp",930,620,true]},"uagb_author_info":{"display_name":"Marko Balaban","author_link":"https:\/\/go-bosnia.com\/en\/author\/"},"uagb_comment_info":0,"uagb_excerpt":null,"meta_box":{"podnaslov":"","sira_kategorija":"Prirodne ljepote","uza_kategorija":"Planina","skriveni_entitet":"0","globalna_atrakcija":"0","lokalna_atrakcija":"0","grad":"217","gradovi_u_blizini":[],"regija":"152","moze_sadrzati_entitete":"0","superentitet":[],"cover_fotografija":{"width":150,"height":150,"file":"2026\/04\/GoBosnia-planina-bjelasnica-optimized.webp","filesize":226646,"sizes":{"medium":{"file":"GoBosnia-planina-bjelasnica-optimized-300x113.webp","width":300,"height":113,"mime-type":"image\/webp","filesize":11898,"url":"https:\/\/go-bosnia.com\/wp-content\/uploads\/2026\/04\/GoBosnia-planina-bjelasnica-optimized-300x113.webp"},"large":{"file":"GoBosnia-planina-bjelasnica-optimized-1024x384.webp","width":1024,"height":384,"mime-type":"image\/webp","filesize":108150,"url":"https:\/\/go-bosnia.com\/wp-content\/uploads\/2026\/04\/GoBosnia-planina-bjelasnica-optimized-1024x384.webp"},"thumbnail":{"file":"GoBosnia-planina-bjelasnica-optimized-150x150.webp","width":150,"height":150,"mime-type":"image\/webp","filesize":7938,"url":"https:\/\/go-bosnia.com\/wp-content\/uploads\/2026\/04\/GoBosnia-planina-bjelasnica-optimized-150x150.webp"},"medium_large":{"file":"GoBosnia-planina-bjelasnica-optimized-768x288.webp","width":768,"height":288,"mime-type":"image\/webp","filesize":65036,"url":"https:\/\/go-bosnia.com\/wp-content\/uploads\/2026\/04\/GoBosnia-planina-bjelasnica-optimized-768x288.webp"},"1536x1536":{"file":"GoBosnia-planina-bjelasnica-optimized-1536x576.webp","width":1536,"height":576,"mime-type":"image\/webp","filesize":223432,"url":"https:\/\/go-bosnia.com\/wp-content\/uploads\/2026\/04\/GoBosnia-planina-bjelasnica-optimized-1536x576.webp"},"trp-custom-language-flag":{"file":"GoBosnia-planina-bjelasnica-optimized-18x7.webp","width":18,"height":7,"mime-type":"image\/webp","filesize":388,"url":"https:\/\/go-bosnia.com\/wp-content\/uploads\/2026\/04\/GoBosnia-planina-bjelasnica-optimized-18x7.webp"},"neve-blog":{"file":"GoBosnia-planina-bjelasnica-optimized-930x620.webp","width":930,"height":620,"mime-type":"image\/webp","filesize":145486,"url":"https:\/\/go-bosnia.com\/wp-content\/uploads\/2026\/04\/GoBosnia-planina-bjelasnica-optimized-930x620.webp"}},"image_meta":{"aperture":"0","credit":"","camera":"","caption":"","created_timestamp":"0","copyright":"","focal_length":"0","iso":"0","shutter_speed":"0","title":"","orientation":"0","keywords":[]},"ID":"3894","name":"GoBosnia-planina-bjelasnica-optimized.webp","path":"\/home\/markop5\/go-bosnia.com\/wp-content\/uploads\/2026\/04\/GoBosnia-planina-bjelasnica-optimized.webp","url":"https:\/\/go-bosnia.com\/wp-content\/uploads\/2026\/04\/GoBosnia-planina-bjelasnica-optimized-150x150.webp","full_url":"https:\/\/go-bosnia.com\/wp-content\/uploads\/2026\/04\/GoBosnia-planina-bjelasnica-optimized.webp","title":"GoBosnia-planina-bjelasnica","caption":"","description":"","alt":"GoBosnia-planina-bjelasnica","srcset":false},"slika_za_karticu":{"width":150,"height":150,"file":"2026\/04\/planina-bjelasnica-optimized.webp","filesize":23970,"sizes":{"medium":{"file":"planina-bjelasnica-optimized-240x300.webp","width":240,"height":300,"mime-type":"image\/webp","filesize":15654,"url":"https:\/\/go-bosnia.com\/wp-content\/uploads\/2026\/04\/planina-bjelasnica-optimized-240x300.webp"},"thumbnail":{"file":"planina-bjelasnica-optimized-150x150.webp","width":150,"height":150,"mime-type":"image\/webp","filesize":6568,"url":"https:\/\/go-bosnia.com\/wp-content\/uploads\/2026\/04\/planina-bjelasnica-optimized-150x150.webp"},"trp-custom-language-flag":{"file":"planina-bjelasnica-optimized-10x12.webp","width":10,"height":12,"mime-type":"image\/webp","filesize":362,"url":"https:\/\/go-bosnia.com\/wp-content\/uploads\/2026\/04\/planina-bjelasnica-optimized-10x12.webp"}},"image_meta":{"aperture":"0","credit":"","camera":"","caption":"","created_timestamp":"0","copyright":"","focal_length":"0","iso":"0","shutter_speed":"0","title":"","orientation":"0","keywords":[]},"ID":"3895","name":"planina-bjelasnica-optimized.webp","path":"\/home\/markop5\/go-bosnia.com\/wp-content\/uploads\/2026\/04\/planina-bjelasnica-optimized.webp","url":"https:\/\/go-bosnia.com\/wp-content\/uploads\/2026\/04\/planina-bjelasnica-optimized-150x150.webp","full_url":"https:\/\/go-bosnia.com\/wp-content\/uploads\/2026\/04\/planina-bjelasnica-optimized.webp","title":"planina-bjelasnica","caption":"","description":"","alt":"planina-bjelasnica","srcset":false},"prioritet":"90","unesco":"0","eko_turizam":"0","entitet_sa_ikonicom":"0","ikonica_entiteta":false,"kratki_opis":"Bjela\u0161nica, smje\u0161tena u samom srcu Bosne i Hercegovine, predstavlja planinski masiv koji svojom monumentalno\u0161\u0107u i surovom ljepotom dominira ju\u017enim horizontom Sarajeva. Ova kra\u0161ka planina, oblikovana radom drevnih gle\u010dera, ime duguje bijelom snje\u017enom pokriva\u010du koji je nerijetko krasi od novembra pa sve do kasnih majskih dana. Njen najvi\u0161i vrh, Opservatorij (2067 mnv), ime je dobio po meteorolo\u0161koj stanici koja ve\u0107 decenijama prkosi ekstremnim vjetrovima, dok se masiv nastavlja nizom impresivnih vrhova poput Krvavca i Vlahinje. Oivi\u010dena dubokim kanjonom Rakitnice koji je odvaja od Viso\u010dice, te dolinom Neretve koja pravi granicu ka Prenju, Bjela\u0161nica je prirodni bastion koji spaja pitome \u0161ume Igmana sa surovim visokogorskim kr\u0161om, \u010dine\u0107i je jednim od najuzbudljivijih odredi\u0161ta za istra\u017eivanje na Balkanu.","geografska_sirina":"43.70351","geografska_duzina":"18.25732","adresa":"71220 Gornja Presjenica","broj_telefona":"","email_adresa":"","instagram":"","facebook":"","tiktok":"","website":"","placeno":"0","nivo":"","tekst_linka":"","eksterni_link":"","booking_link":""},"_links":{"self":[{"href":"https:\/\/go-bosnia.com\/en\/wp-json\/wp\/v2\/entitet\/3864","targetHints":{"allow":["GET"]}}],"collection":[{"href":"https:\/\/go-bosnia.com\/en\/wp-json\/wp\/v2\/entitet"}],"about":[{"href":"https:\/\/go-bosnia.com\/en\/wp-json\/wp\/v2\/types\/entitet"}],"wp:featuredmedia":[{"embeddable":true,"href":"https:\/\/go-bosnia.com\/en\/wp-json\/wp\/v2\/media\/3894"}],"wp:attachment":[{"href":"https:\/\/go-bosnia.com\/en\/wp-json\/wp\/v2\/media?parent=3864"}],"wp:term":[{"taxonomy":"post_tag","embeddable":true,"href":"https:\/\/go-bosnia.com\/en\/wp-json\/wp\/v2\/tags?post=3864"}],"curies":[{"name":"wp","href":"https:\/\/api.w.org\/{rel}","templated":true}]}}