{"id":4112,"date":"2026-05-01T13:05:40","date_gmt":"2026-05-01T13:05:40","guid":{"rendered":"https:\/\/go-bosnia.com\/?post_type=grad&#038;p=4112"},"modified":"2026-05-01T13:05:42","modified_gmt":"2026-05-01T13:05:42","slug":"te-anj","status":"publish","type":"grad","link":"https:\/\/go-bosnia.com\/en\/grad\/te-anj\/","title":{"rendered":"Te\u0161anj"},"content":{"rendered":"","protected":false},"featured_media":0,"parent":0,"template":"","tags":[],"class_list":["post-4112","grad","type-grad","status-publish","hentry"],"uagb_featured_image_src":{"full":false,"thumbnail":false,"medium":false,"medium_large":false,"large":false,"1536x1536":false,"2048x2048":false,"trp-custom-language-flag":false,"neve-blog":false},"uagb_author_info":{"display_name":"Marko Balaban","author_link":"https:\/\/go-bosnia.com\/en\/author\/"},"uagb_comment_info":0,"uagb_excerpt":null,"meta_box":{"genitiv":"Te\u0161nja","kratki_opis":"Te\u0161anj je grad u srcu Bosne s hiljadugodi\u0161njom historijom, poznat po jednoj od najve\u0107ih tvr\u0111ava u BiH koja je odoljela i Eugenu Savojskom. \u010cuva zastavu iz Moha\u010dke bitke 1526., sahat kulu koja jo\u0161 kuca i mineralne vode svjetske kvalitete.","puni_opis":"Te\u0161anj je grad koji ve\u0107 tri milenijuma \u010duva istu stjenovitu uzvisinu i svaki osvaja\u010d koji je poku\u0161ao to promijeniti, nai\u0161ao je na otpor. Te\u0161anjska tvr\u0111ava Gradina, jedna od tri najve\u0107e u BiH s povr\u0161inom od 5.600 m\u00b2, bila je utvrda Ilira, Rimljana, bosanskih vladara i Osmanlija, a 1697. jedina je tvr\u0111ava koja je odbila silovitu vojsku Eugena Savojskog \u2014 austrijska armija povukla se nakon trodnevnih neuspje\u0161nih napada. \r\n\r\nDanas u kulama tvr\u0111ave posjetitelje \u010deka Muzej Te\u0161anj s izlo\u017ebom \"Te\u0161anj kroz stolje\u0107a\" i originalnom zastavom iz Moha\u010dke bitke 1526. \u2014 dragocjenim eksponatom koji privla\u010di turiste iz cijele Europe, posebno iz Turske. Uz tvr\u0111avu, gradom dominira Sahat kula iz 17. stolje\u0107a \u2014 jedna od \u010detiri u BiH koja i danas to\u010dno odbrojava vrijeme, a satni mehanizam donesen iz Be\u010da 1890. nikada nije zakazao. Gazi Ferhad-begova d\u017eamija iz 1564., Eminagi\u0107a konak i mineralni izvori svjetske kvalitete zaokru\u017euju sliku grada koji spaja duboku historiju s autenti\u010dnim bosanskim \u017eivotom.","regija":"187","ilustracija":false,"prioritet":"75","vazan_grad":"0","povrsina":"163","broj_stanovnika":"46781","geografska_sirina":"44.61276","geografska_duzina":"17.98646","nadmorska_visina":"230 m","cover_fotografija":{"width":150,"height":150,"file":"2026\/05\/GoBosnia-grad-tesanj.webp","filesize":215442,"sizes":{"medium":{"file":"GoBosnia-grad-tesanj-300x113.webp","width":300,"height":113,"mime-type":"image\/webp","filesize":13634,"url":"https:\/\/go-bosnia.com\/wp-content\/uploads\/2026\/05\/GoBosnia-grad-tesanj-300x113.webp"},"large":{"file":"GoBosnia-grad-tesanj-1024x384.webp","width":1024,"height":384,"mime-type":"image\/webp","filesize":115146,"url":"https:\/\/go-bosnia.com\/wp-content\/uploads\/2026\/05\/GoBosnia-grad-tesanj-1024x384.webp"},"thumbnail":{"file":"GoBosnia-grad-tesanj-150x150.webp","width":150,"height":150,"mime-type":"image\/webp","filesize":8802,"url":"https:\/\/go-bosnia.com\/wp-content\/uploads\/2026\/05\/GoBosnia-grad-tesanj-150x150.webp"},"medium_large":{"file":"GoBosnia-grad-tesanj-768x288.webp","width":768,"height":288,"mime-type":"image\/webp","filesize":69166,"url":"https:\/\/go-bosnia.com\/wp-content\/uploads\/2026\/05\/GoBosnia-grad-tesanj-768x288.webp"},"1536x1536":{"file":"GoBosnia-grad-tesanj-1536x576.webp","width":1536,"height":576,"mime-type":"image\/webp","filesize":224812,"url":"https:\/\/go-bosnia.com\/wp-content\/uploads\/2026\/05\/GoBosnia-grad-tesanj-1536x576.webp"},"trp-custom-language-flag":{"file":"GoBosnia-grad-tesanj-18x7.webp","width":18,"height":7,"mime-type":"image\/webp","filesize":396,"url":"https:\/\/go-bosnia.com\/wp-content\/uploads\/2026\/05\/GoBosnia-grad-tesanj-18x7.webp"},"neve-blog":{"file":"GoBosnia-grad-tesanj-930x620.webp","width":930,"height":620,"mime-type":"image\/webp","filesize":151452,"url":"https:\/\/go-bosnia.com\/wp-content\/uploads\/2026\/05\/GoBosnia-grad-tesanj-930x620.webp"}},"image_meta":{"aperture":"0","credit":"","camera":"","caption":"","created_timestamp":"0","copyright":"","focal_length":"0","iso":"0","shutter_speed":"0","title":"","orientation":"0","keywords":[]},"ID":"4113","name":"GoBosnia-grad-tesanj.webp","path":"\/home\/markop5\/go-bosnia.com\/wp-content\/uploads\/2026\/05\/GoBosnia-grad-tesanj.webp","url":"https:\/\/go-bosnia.com\/wp-content\/uploads\/2026\/05\/GoBosnia-grad-tesanj-150x150.webp","full_url":"https:\/\/go-bosnia.com\/wp-content\/uploads\/2026\/05\/GoBosnia-grad-tesanj.webp","title":"GoBosnia Te\u0161anj","caption":"","description":"","alt":"GoBosnia Te\u0161anj","srcset":false},"istaknuta_atrakcija_grad":"","savjeti_proljece":"Idealno za obilazak tvr\u0111ave i \u0161etnju \u010dar\u0161ijom. Manifestacija Te\u0161anjsko prolje\u0107e donosi kulturni program, izlo\u017ebe i smotre folklora.","savjeti_ljeto":"Osvje\u017eenje u mineralnim vodama na izleti\u0161tu Kiseljak, kupanje na jezeru Mrkoti\u0107 i ribolov na rijeci Usori uz organizirana takmi\u010denja.","savjeti_jesen":"Zlatna sezona za obilazak muzejskih postavki i historijskih znamenitosti bez ljetnih gu\u017evi. Sajam privrede i sajam p\u010delara \u2014 autenti\u010dni lokalni do\u017eivljaj.","savjeti_zima":"Miran grad za ljubitelje historije \u2014 tvr\u0111ava i sahat kula posebno su dojmljivi u zimskom ambijentu. Topla bosanska kuhinja u lokalnim restoranima.","mapa_grada":false,"entitet_na_mapi":[],"koordinata_entiteta_na_mapi":[],"tekst_linka":"","eksterni_link":""},"_links":{"self":[{"href":"https:\/\/go-bosnia.com\/en\/wp-json\/wp\/v2\/grad\/4112","targetHints":{"allow":["GET"]}}],"collection":[{"href":"https:\/\/go-bosnia.com\/en\/wp-json\/wp\/v2\/grad"}],"about":[{"href":"https:\/\/go-bosnia.com\/en\/wp-json\/wp\/v2\/types\/grad"}],"wp:attachment":[{"href":"https:\/\/go-bosnia.com\/en\/wp-json\/wp\/v2\/media?parent=4112"}],"wp:term":[{"taxonomy":"post_tag","embeddable":true,"href":"https:\/\/go-bosnia.com\/en\/wp-json\/wp\/v2\/tags?post=4112"}],"curies":[{"name":"wp","href":"https:\/\/api.w.org\/{rel}","templated":true}]}}