{"id":3754,"date":"2026-04-26T15:23:33","date_gmt":"2026-04-26T15:23:33","guid":{"rendered":"https:\/\/go-bosnia.com\/?page_id=3754"},"modified":"2026-04-26T19:49:42","modified_gmt":"2026-04-26T19:49:42","slug":"religije-u-bosni-i-hercegovini","status":"publish","type":"page","link":"https:\/\/go-bosnia.com\/en\/religije-u-bosni-i-hercegovini\/","title":{"rendered":"Religije u Bosni i Hercegovini"},"content":{"rendered":"<div class=\"wp-block-uagb-container uagb-block-d87f7a84 alignfull uagb-is-root-container\"><div class=\"uagb-container-inner-blocks-wrap\">\n<div class=\"wp-block-uagb-container uagb-block-8f1d32e8\">\n<div class=\"wp-block-uagb-advanced-heading uagb-block-04e4a71c\"><div class=\"uagb-heading-text\">TA\u010cKA <mark style=\"background-color:rgba(0, 0, 0, 0)\" class=\"has-inline-color has-nv-c-2-color\">SUSRETA<\/mark> TRI RELIGIJE<\/div><\/div>\n\n\n\n<div class=\"wp-block-uagb-advanced-heading uagb-block-459793f3\"><h1 class=\"uagb-heading-text\">Religije Bosne i Hercegovine<\/h1><\/div>\n\n\n\n<div class=\"wp-block-uagb-advanced-heading uagb-block-d196fe45\"><p class=\"uagb-heading-text\">Religije u Bosni i Hercegovini predstavljaju va\u017ean dio kulturnog, istorijskog i duhovnog identiteta zemlje. Kroz vijekove su se na ovom prostoru susretale razli\u010dite vjerske tradicije, ostavljaju\u0107i trag u arhitekturi, obi\u010dajima, umjetnosti i svakodnevnom \u017eivotu. Zato se Bosna i Hercegovina \u010desto do\u017eivljava kao prostor bogatog vjerskog i kulturnog naslje\u0111a.<\/p><\/div>\n<\/div>\n<\/div><\/div>\n\n\n\n<div id=\"islam\" class=\"wp-block-uagb-container uagb-block-ce91810a alignfull uagb-is-root-container\"><div class=\"uagb-container-inner-blocks-wrap\">\n<div class=\"wp-block-uagb-container uagb-block-46cd1495\">\n<div class=\"wp-block-uagb-container uagb-block-3a40d96d\">\n<div class=\"wp-block-uagb-advanced-heading uagb-block-50fbee8b\"><h2 class=\"uagb-heading-text\">Islam u Bosni i Hercegovini<\/h2><\/div>\n\n\n\n<div class=\"wp-block-uagb-advanced-heading uagb-block-d7918342\"><p class=\"uagb-heading-text\">Islam je sna\u017eno obilje\u017eio istorijski razvoj Bosne i Hercegovine, posebno kroz urbanu kulturu, arhitekturu, obrazovanje i svakodnevne obi\u010daje. D\u017eamije, medrese, tekije, sahat-kule, \u0161adrvani i stare \u010dar\u0161ije svjedo\u010de o vremenu u kojem su gradovi dobijali prepoznatljiv orijentalno-bosanski karakter.<\/p><\/div>\n\n\n\n<div class=\"wp-block-uagb-advanced-heading uagb-block-4bbfb951\"><p class=\"uagb-heading-text\">Danas islamska ba\u0161tina u BiH privla\u010di posjetioce svojom elegancijom, mirom i bogatom simbolikom. Od velikih gradskih d\u017eamija do manjih mahalskih prostora, ona otkriva pri\u010du o duhovnosti, zajedni\u0161tvu, u\u010denosti i tradiciji koja je duboko utkana u identitet mnogih bosanskohercegova\u010dkih mjesta.<\/p><\/div>\n<\/div>\n<\/div>\n\n\n\n<div class=\"wp-block-uagb-container uagb-layout-grid uagb-block-e7726e6c alignfull uagb-is-root-container\"><div class=\"uagb-container-inner-blocks-wrap\">\n<div class=\"wp-block-uagb-container hover-box uagb-block-3dc0ac9c\">\n<div class=\"wp-block-uagb-container custom-fit-content uagb-block-bb80e706\">\n<div class=\"wp-block-uagb-advanced-heading uagb-block-d65207cf\"><p class=\"uagb-heading-text\">SARAJEVO<\/p><\/div>\n\n\n\n<div class=\"wp-block-uagb-advanced-heading uagb-block-5dd2293a\"><h3 class=\"uagb-heading-text\">Gazi Husrev-begova d\u017eamija<\/h3><\/div>\n<\/div>\n<a class=\"spectra-container-link-overlay\" rel=\"noopener\" href=\"\/en\/entitet\/gazi-husrev-begova-dzamija\/\"> <\/a><\/div>\n\n\n\n<div class=\"wp-block-uagb-container hover-box uagb-block-d5aeb1e3\">\n<div class=\"wp-block-uagb-container custom-fit-content uagb-block-fb5cebc9\">\n<div class=\"wp-block-uagb-advanced-heading uagb-block-ee6561ba\"><p class=\"uagb-heading-text\">fo\u010da<\/p><\/div>\n\n\n\n<div class=\"wp-block-uagb-advanced-heading uagb-block-3b7d9149\"><h3 class=\"uagb-heading-text\">Alad\u017ea d\u017eamija<\/h3><\/div>\n<\/div>\n<a class=\"spectra-container-link-overlay\" rel=\"noopener\" href=\"\/en\/entitet\/aladza-dzamija-foca\/\"> <\/a><\/div>\n\n\n\n<div class=\"wp-block-uagb-container hover-box uagb-block-b6dbc03f\">\n<div class=\"wp-block-uagb-container custom-fit-content uagb-block-716bcc81\">\n<div class=\"wp-block-uagb-advanced-heading uagb-block-d255925e\"><p class=\"uagb-heading-text\">BANJA LUKA<\/p><\/div>\n\n\n\n<div class=\"wp-block-uagb-advanced-heading uagb-block-301378f8\"><h3 class=\"uagb-heading-text\">Ferhadija d\u017eamija<\/h3><\/div>\n<\/div>\n<a class=\"spectra-container-link-overlay\" rel=\"noopener\" href=\"\/en\/entitet\/ferhat-pasina-dzamija-ferhadija\/\"> <\/a><\/div>\n\n\n\n<div class=\"wp-block-uagb-container hover-box uagb-block-7f447094\">\n<div class=\"wp-block-uagb-container custom-fit-content uagb-block-91b4fb4e\">\n<div class=\"wp-block-uagb-advanced-heading uagb-block-a7e9f6e0\"><p class=\"uagb-heading-text\">MOSTAR<\/p><\/div>\n\n\n\n<div class=\"wp-block-uagb-advanced-heading uagb-block-7a688238\"><h3 class=\"uagb-heading-text\">Kara\u0111oz-begova d\u017eamija<\/h3><\/div>\n<\/div>\n<a class=\"spectra-container-link-overlay\" rel=\"noopener\" href=\"\/en\/entitet\/karadozbegova-dzamija\/\"> <\/a><\/div>\n\n\n\n<div class=\"wp-block-uagb-container hover-box uagb-block-cfc844a7\">\n<div class=\"wp-block-uagb-container custom-fit-content uagb-block-e7810120\">\n<div class=\"wp-block-uagb-advanced-heading uagb-block-5614aca6\"><p class=\"uagb-heading-text\">TRAVNIK<\/p><\/div>\n\n\n\n<div class=\"wp-block-uagb-advanced-heading uagb-block-9547ddb6\"><h3 class=\"uagb-heading-text\">\u0160arena d\u017eamija<\/h3><\/div>\n<\/div>\n<a class=\"spectra-container-link-overlay\" rel=\"noopener\" href=\"\/en\/entitet\/sarena-dzamija\/\"> <\/a><\/div>\n<\/div><\/div>\n<\/div><\/div>\n\n\n\n<div id=\"pravoslavlje\" class=\"wp-block-uagb-container uagb-block-ab925961 alignfull uagb-is-root-container\"><div class=\"uagb-container-inner-blocks-wrap\">\n<div class=\"wp-block-uagb-container uagb-block-96df7f6f\">\n<div class=\"wp-block-uagb-container uagb-block-a9365e2e\">\n<div class=\"wp-block-uagb-advanced-heading uagb-block-c3f50a46\"><h2 class=\"uagb-heading-text\">Pravoslavlje u Bosni i Hercegovini<\/h2><\/div>\n\n\n\n<div class=\"wp-block-uagb-advanced-heading uagb-block-b0edba80\"><p class=\"uagb-heading-text\">Kroz vijekove, pravoslavne crkve, manastiri, ikone, freske i narodni obi\u010daji oblikovali su identitet brojnih zajednica i ostavili dubok trag u arhitekturi, umjetnosti i svakodnevnom \u017eivotu.<\/p><\/div>\n\n\n\n<div class=\"wp-block-uagb-advanced-heading uagb-block-d40d0df5\"><p class=\"uagb-heading-text\">Od starih manastira skrivenih u prirodi, preko gradskih sabornih hramova, do malih seoskih crkava koje \u010duvaju pri\u010de lokalnog stanovni\u0161tva, pravoslavno naslje\u0111e Bosne i Hercegovine predstavlja va\u017ean dio ukupnog kulturnog mozaika zemlje.<\/p><\/div>\n<\/div>\n<\/div>\n\n\n\n<div class=\"wp-block-uagb-container uagb-layout-grid uagb-block-b0dd0c5c alignfull uagb-is-root-container\"><div class=\"uagb-container-inner-blocks-wrap\">\n<div class=\"wp-block-uagb-container hover-box uagb-block-a3353163\">\n<div class=\"wp-block-uagb-container custom-fit-content uagb-block-22af9bf8\">\n<div class=\"wp-block-uagb-advanced-heading uagb-block-d7c9e322\"><p class=\"uagb-heading-text\">TREBINJE<\/p><\/div>\n\n\n\n<div class=\"wp-block-uagb-advanced-heading uagb-block-7653a822\"><h3 class=\"uagb-heading-text\">Manastir Tvrdo\u0161<\/h3><\/div>\n<\/div>\n<a class=\"spectra-container-link-overlay\" rel=\"noopener\" href=\"\/en\/entitet\/manastir-tvrdos\/\"> <\/a><\/div>\n\n\n\n<div class=\"wp-block-uagb-container hover-box uagb-block-78549f79\">\n<div class=\"wp-block-uagb-container custom-fit-content uagb-block-1d90f4a5\">\n<div class=\"wp-block-uagb-advanced-heading uagb-block-12a4fd45\"><p class=\"uagb-heading-text\">BANJA LUKA<\/p><\/div>\n\n\n\n<div class=\"wp-block-uagb-advanced-heading uagb-block-5f8e49e4\"><h3 class=\"uagb-heading-text\">Hram Hrista Spasitelja<\/h3><\/div>\n<\/div>\n<a class=\"spectra-container-link-overlay\" rel=\"noopener\" href=\"\/en\/entitet\/saborni-hram-hrista-spasitelja\/\"> <\/a><\/div>\n\n\n\n<div class=\"wp-block-uagb-container hover-box uagb-block-f1ed338c\">\n<div class=\"wp-block-uagb-container custom-fit-content uagb-block-72c9b6ab\">\n<div class=\"wp-block-uagb-advanced-heading uagb-block-39179c4d\"><p class=\"uagb-heading-text\">vi\u0161egrad<\/p><\/div>\n\n\n\n<div class=\"wp-block-uagb-advanced-heading uagb-block-0f421c30\"><h3 class=\"uagb-heading-text\">Manastir Dobrun<\/h3><\/div>\n<\/div>\n<a class=\"spectra-container-link-overlay\" rel=\"noopener\" href=\"\/en\/entitet\/manastir-dobrun-2\/\"> <\/a><\/div>\n\n\n\n<div class=\"wp-block-uagb-container hover-box uagb-block-22bef124\">\n<div class=\"wp-block-uagb-container custom-fit-content uagb-block-e7768bc2\">\n<div class=\"wp-block-uagb-advanced-heading uagb-block-8b38b9a0\"><p class=\"uagb-heading-text\">SARAJEVO<\/p><\/div>\n\n\n\n<div class=\"wp-block-uagb-advanced-heading uagb-block-8fbd6d70\"><h3 class=\"uagb-heading-text\">Stara pravoslavna crkva<\/h3><\/div>\n<\/div>\n<a class=\"spectra-container-link-overlay\" rel=\"noopener\" href=\"\/en\/entitet\/stara-pravoslavna-crkva\/\"> <\/a><\/div>\n\n\n\n<div class=\"wp-block-uagb-container hover-box uagb-block-ccbc8fe3\">\n<div class=\"wp-block-uagb-container custom-fit-content uagb-block-697de320\">\n<div class=\"wp-block-uagb-advanced-heading uagb-block-ec443a54\"><p class=\"uagb-heading-text\">PRNJAVOR<\/p><\/div>\n\n\n\n<div class=\"wp-block-uagb-advanced-heading uagb-block-5e1d5e91\"><h3 class=\"uagb-heading-text\">Manastir Stuplje<\/h3><\/div>\n<\/div>\n<a class=\"spectra-container-link-overlay\" rel=\"noopener\" href=\"\/en\/entitet\/manastir-stuplje\/\"> <\/a><\/div>\n<\/div><\/div>\n<\/div><\/div>\n\n\n\n<div id=\"katolicanstvo\" class=\"wp-block-uagb-container uagb-block-3ac138ba alignfull uagb-is-root-container\"><div class=\"uagb-container-inner-blocks-wrap\">\n<div class=\"wp-block-uagb-container uagb-block-323a0876\">\n<div class=\"wp-block-uagb-container uagb-block-04f3851d\">\n<div class=\"wp-block-uagb-advanced-heading uagb-block-536deffd\"><h2 class=\"uagb-heading-text\">Katoli\u010danstvo u Bosni i Hercegovini<\/h2><\/div>\n\n\n\n<div class=\"wp-block-uagb-advanced-heading uagb-block-dc270fae\"><p class=\"uagb-heading-text\">Katoli\u010dka tradicija u Bosni i Hercegovini vezana je za dugu istoriju franjevaca, \u017eupa, samostana, crkava i hodo\u010dasni\u010dkih mjesta. Njeni tragovi vidljivi su u starim rukopisima, sakralnoj umjetnosti, zvonicima, muzejskim zbirkama i obi\u010dajima koji su se prenosili kroz generacije.<\/p><\/div>\n\n\n\n<div class=\"wp-block-uagb-advanced-heading uagb-block-913c1b67\"><p class=\"uagb-heading-text\">Od Kraljeve Sutjeske i Fojnice do Sarajeva, Banje Luke i Me\u0111ugorja, katoli\u010dko naslje\u0111e povezuje vjeru, kulturu i lokalnu istoriju. Ono posjetiocima pru\u017ea uvid u jedan va\u017ean sloj bosanskohercegova\u010dke ba\u0161tine, kroz mjesta molitve, ti\u0161ine, umjetnosti i \u017eivog narodnog sje\u0107anja.<\/p><\/div>\n<\/div>\n<\/div>\n\n\n\n<div class=\"wp-block-uagb-container uagb-layout-grid uagb-block-55473257 alignfull uagb-is-root-container\"><div class=\"uagb-container-inner-blocks-wrap\">\n<div class=\"wp-block-uagb-container hover-box uagb-block-90b5551a\">\n<div class=\"wp-block-uagb-container custom-fit-content uagb-block-26e7a4a9\">\n<div class=\"wp-block-uagb-advanced-heading uagb-block-a720e56d\"><p class=\"uagb-heading-text\">ME\u0110UGORJE<\/p><\/div>\n\n\n\n<div class=\"wp-block-uagb-advanced-heading uagb-block-e9d22fc5\"><h3 class=\"uagb-heading-text\">Crkva sv. Jakova<\/h3><\/div>\n<\/div>\n<a class=\"spectra-container-link-overlay\" rel=\"noopener\" href=\"\/en\/entitet\/crkva-svetog-apostola-jakova\/\"> <\/a><\/div>\n\n\n\n<div class=\"wp-block-uagb-container hover-box uagb-block-87913634\">\n<div class=\"wp-block-uagb-container custom-fit-content uagb-block-df9d3af5\">\n<div class=\"wp-block-uagb-advanced-heading uagb-block-b5d558b5\"><p class=\"uagb-heading-text\">SARAJEVO<\/p><\/div>\n\n\n\n<div class=\"wp-block-uagb-advanced-heading uagb-block-4bff615a\"><h3 class=\"uagb-heading-text\">Katedrala Srca Isusova<\/h3><\/div>\n<\/div>\n<a class=\"spectra-container-link-overlay\" rel=\"noopener\" href=\"\/en\/entitet\/katedrala-srca-isusova\/\"> <\/a><\/div>\n\n\n\n<div class=\"wp-block-uagb-container hover-box uagb-block-5952ec96\">\n<div class=\"wp-block-uagb-container custom-fit-content uagb-block-c9a9a503\">\n<div class=\"wp-block-uagb-advanced-heading uagb-block-a2dfc828\"><p class=\"uagb-heading-text\">FOJNICA<\/p><\/div>\n\n\n\n<div class=\"wp-block-uagb-advanced-heading uagb-block-16c17c57\"><h3 class=\"uagb-heading-text\">Franjeva\u010dki samostan<\/h3><\/div>\n<\/div>\n<a class=\"spectra-container-link-overlay\" rel=\"noopener\" href=\"\/en\/entitet\/franjevacki-samostan-u-fojnici\/\"> <\/a><\/div>\n\n\n\n<div class=\"wp-block-uagb-container hover-box uagb-block-9718993c\">\n<div class=\"wp-block-uagb-container custom-fit-content uagb-block-f75649bc\">\n<div class=\"wp-block-uagb-advanced-heading uagb-block-996e6a62\"><p class=\"uagb-heading-text\">Prozor-Rama<\/p><\/div>\n\n\n\n<div class=\"wp-block-uagb-advanced-heading uagb-block-ff27575f\"><h3 class=\"uagb-heading-text\">Samostan Rama-\u0160\u0107it<\/h3><\/div>\n<\/div>\n<a class=\"spectra-container-link-overlay\" rel=\"noopener\" href=\"\/en\/entitet\/franjevacki-samostan-rama-scit\/\"> <\/a><\/div>\n\n\n\n<div class=\"wp-block-uagb-container hover-box uagb-block-a21064a6\">\n<div class=\"wp-block-uagb-container custom-fit-content uagb-block-79d39168\">\n<div class=\"wp-block-uagb-advanced-heading uagb-block-324aed17\"><p class=\"uagb-heading-text\">Livno<\/p><\/div>\n\n\n\n<div class=\"wp-block-uagb-advanced-heading uagb-block-2de0181a\"><h3 class=\"uagb-heading-text\">Franjeva\u010dki samostan Gorica<\/h3><\/div>\n<\/div>\n<a class=\"spectra-container-link-overlay\" rel=\"noopener\" href=\"\/en\/entitet\/franjevacki-muzej-i-galerija-gorica\/\"> <\/a><\/div>\n<\/div><\/div>\n<\/div><\/div>","protected":false},"excerpt":{"rendered":"<p>TA\u010cKA SUSRETA TRI RELIGIJE Religije Bosne i Hercegovine Religije u Bosni i Hercegovini predstavljaju va\u017ean dio kulturnog, istorijskog i duhovnog identiteta zemlje. Kroz vijekove su se na ovom prostoru susretale razli\u010dite vjerske tradicije, ostavljaju\u0107i trag u arhitekturi, obi\u010dajima, umjetnosti i svakodnevnom \u017eivotu. Zato se Bosna i Hercegovina \u010desto do\u017eivljava kao prostor bogatog vjerskog i kulturnog&hellip;&nbsp;<a href=\"https:\/\/go-bosnia.com\/en\/religije-u-bosni-i-hercegovini\/\" rel=\"bookmark\"><span class=\"screen-reader-text\">Religije u Bosni i Hercegovini<\/span><\/a><\/p>","protected":false},"author":1,"featured_media":3854,"parent":0,"menu_order":0,"comment_status":"closed","ping_status":"closed","template":"page-templates\/template-pagebuilder-full-width.php","meta":{"_uag_custom_page_level_css":"","neve_meta_sidebar":"","neve_meta_container":"","neve_meta_enable_content_width":"","neve_meta_content_width":0,"neve_meta_title_alignment":"","neve_meta_author_avatar":"","neve_post_elements_order":"","neve_meta_disable_header":"","neve_meta_disable_footer":"","neve_meta_disable_title":"","neve_meta_reading_time":"","footnotes":""},"class_list":["post-3754","page","type-page","status-publish","has-post-thumbnail","hentry"],"uagb_featured_image_src":{"full":["https:\/\/go-bosnia.com\/wp-content\/uploads\/2026\/04\/religija-featured.webp",1920,1080,false],"thumbnail":["https:\/\/go-bosnia.com\/wp-content\/uploads\/2026\/04\/religija-featured-150x150.webp",150,150,true],"medium":["https:\/\/go-bosnia.com\/wp-content\/uploads\/2026\/04\/religija-featured-300x169.webp",300,169,true],"medium_large":["https:\/\/go-bosnia.com\/wp-content\/uploads\/2026\/04\/religija-featured-768x432.webp",768,432,true],"large":["https:\/\/go-bosnia.com\/wp-content\/uploads\/2026\/04\/religija-featured-1024x576.webp",1024,576,true],"1536x1536":["https:\/\/go-bosnia.com\/wp-content\/uploads\/2026\/04\/religija-featured-1536x864.webp",1536,864,true],"2048x2048":["https:\/\/go-bosnia.com\/wp-content\/uploads\/2026\/04\/religija-featured.webp",1920,1080,false],"trp-custom-language-flag":["https:\/\/go-bosnia.com\/wp-content\/uploads\/2026\/04\/religija-featured-18x10.webp",18,10,true],"neve-blog":["https:\/\/go-bosnia.com\/wp-content\/uploads\/2026\/04\/religija-featured-930x620.webp",930,620,true]},"uagb_author_info":{"display_name":"marko453","author_link":"https:\/\/go-bosnia.com\/en\/author\/marko453\/"},"uagb_comment_info":0,"uagb_excerpt":"TA\u010cKA SUSRETA TRI RELIGIJE Religije Bosne i Hercegovine Religije u Bosni i Hercegovini predstavljaju va\u017ean dio kulturnog, istorijskog i duhovnog identiteta zemlje. Kroz vijekove su se na ovom prostoru susretale razli\u010dite vjerske tradicije, ostavljaju\u0107i trag u arhitekturi, obi\u010dajima, umjetnosti i svakodnevnom \u017eivotu. Zato se Bosna i Hercegovina \u010desto do\u017eivljava kao prostor bogatog vjerskog i kulturnog&hellip;&nbsp;Religije&hellip;","meta_box":[],"_links":{"self":[{"href":"https:\/\/go-bosnia.com\/en\/wp-json\/wp\/v2\/pages\/3754","targetHints":{"allow":["GET"]}}],"collection":[{"href":"https:\/\/go-bosnia.com\/en\/wp-json\/wp\/v2\/pages"}],"about":[{"href":"https:\/\/go-bosnia.com\/en\/wp-json\/wp\/v2\/types\/page"}],"author":[{"embeddable":true,"href":"https:\/\/go-bosnia.com\/en\/wp-json\/wp\/v2\/users\/1"}],"replies":[{"embeddable":true,"href":"https:\/\/go-bosnia.com\/en\/wp-json\/wp\/v2\/comments?post=3754"}],"version-history":[{"count":61,"href":"https:\/\/go-bosnia.com\/en\/wp-json\/wp\/v2\/pages\/3754\/revisions"}],"predecessor-version":[{"id":3855,"href":"https:\/\/go-bosnia.com\/en\/wp-json\/wp\/v2\/pages\/3754\/revisions\/3855"}],"wp:featuredmedia":[{"embeddable":true,"href":"https:\/\/go-bosnia.com\/en\/wp-json\/wp\/v2\/media\/3854"}],"wp:attachment":[{"href":"https:\/\/go-bosnia.com\/en\/wp-json\/wp\/v2\/media?parent=3754"}],"curies":[{"name":"wp","href":"https:\/\/api.w.org\/{rel}","templated":true}]}}